{"id":10584,"date":"2024-03-04T14:57:06","date_gmt":"2024-03-04T19:57:06","guid":{"rendered":"https:\/\/www.simposio.pe\/agenda-at-a-glance\/"},"modified":"2024-05-13T16:04:20","modified_gmt":"2024-05-13T21:04:20","slug":"agenda-at-a-glance","status":"publish","type":"page","link":"https:\/\/simposio-xv.simposio.pe\/en\/agenda-at-a-glance\/","title":{"rendered":"Agenda at a glance"},"content":{"rendered":"<div class=\"wpb-content-wrapper\"><p>[vc_row row_content_width=&#8221;grid&#8221; css=&#8221;.vc_custom_1707144198052{padding-top: 30px !important;padding-bottom: 60px !important;}&#8221;][vc_column offset=&#8221;vc_col-lg-offset-0 vc_col-lg-12 vc_col-md-offset-0 vc_col-md-12 vc_col-sm-offset-0 vc_col-xs-12&#8243;][vc_btn title=&#8221;Download the Program&#8221; style=&#8221;outline&#8221; shape=&#8221;round&#8221; color=&#8221;black&#8221; size=&#8221;lg&#8221; align=&#8221;right&#8221; target=&#8221;_blank&#8221; link=&#8221;url:https%3A%2F%2Fwww.simposio.pe%2Fwp-content%2Fuploads%2F2024%2F05%2FSIMPOSIO-Conference-program-updated-05.10.24.pdf|title:Agenda%20at%20a%20glance|target:_blank&#8221; el_class=&#8221;btn_regresar_members&#8221;][vc_column_text css=&#8221;.vc_custom_1707746543184{padding-bottom: 30px !important;}&#8221;]<\/p>\n<div class=\"qodef-section-title-holder qodef-st-title-left qodef-st-normal-space qodef-st-with-animation qodef-appeared\">\n<div class=\"qodef-st-inner\">\n<h3 class=\"qodef-st-title-wrapper\">Get to know our conference program<\/h3>\n<\/div>\n<\/div>\n<p>[\/vc_column_text][vc_column_text css=&#8221;.vc_custom_1708011070716{padding-bottom: 30px !important;}&#8221;]<\/p>\n<div class=\"qodef-section-title-holder qodef-st-title-left qodef-st-normal-space qodef-st-with-animation qodef-appeared\">\n<div class=\"qodef-st-inner\">\n<h4 class=\"qodef-st-title-wrapper\">Tuesday, May 21st, 2024<\/h4>\n<\/div>\n<\/div>\n<p>[\/vc_column_text]<div class=\"qodef-accordion-holder qodef-ac-default  qodef-accordion qodef-ac-boxed clearfix\">\n\t<h5 class=\"qodef-accordion-title\">\n    <span class=\"qodef-accordion-mark\">\n\t\t<span class=\"qodef_icon_plus icon_plus\"><\/span>\n\t\t<span class=\"qodef_icon_close icon_close\"><\/span>\n\t<\/span>\n\t<span class=\"qodef-tab-title\">8:00 - 9:30 Registration<\/span>\n<\/h5>\n<div class=\"qodef-accordion-content\">\n\t<div class=\"qodef-accordion-content-inner\">\n\t\t[vc_column_text]<\/p>\n<table width=\"753\">\n<tbody>\n<tr>\n<td style=\"text-align: center; background-color: #e0e0e0;\" width=\"753\">8:00 &#8211; 9:30<strong><br \/>\nRegistration<br \/>\n<\/strong><\/td>\n<\/tr>\n<\/tbody>\n<\/table>\n<p>[\/vc_column_text]\t<\/div>\n<\/div><h5 class=\"qodef-accordion-title\">\n    <span class=\"qodef-accordion-mark\">\n\t\t<span class=\"qodef_icon_plus icon_plus\"><\/span>\n\t\t<span class=\"qodef_icon_close icon_close\"><\/span>\n\t<\/span>\n\t<span class=\"qodef-tab-title\">09:30 - 10:45 Opening Ceremony<\/span>\n<\/h5>\n<div class=\"qodef-accordion-content\">\n\t<div class=\"qodef-accordion-content-inner\">\n\t\t[vc_column_text]<\/p>\n<table width=\"753\">\n<tbody>\n<tr>\n<td style=\"text-align: center; background-color: #e0e0e0;\" width=\"753\">9:30 &#8211; 9:45<strong><br \/>\nWelcome Remarks:<br \/>\n<\/strong>Gonzalo Quijandr\u00eda, President, SIMPOSIO &#8211; XV International Mining Meeting<\/td>\n<\/tr>\n<tr>\n<td style=\"text-align: center;\" width=\"753\"><\/td>\n<\/tr>\n<tr>\n<td style=\"text-align: center; background-color: #e0e0e0;\" width=\"753\">9:45 &#8211; 10:15<strong><br \/>\nOpening Address<br \/>\n<\/strong>Dina Boluarte, President, Republic of Peru*<\/td>\n<\/tr>\n<\/tbody>\n<\/table>\n<p>[\/vc_column_text]\t<\/div>\n<\/div><h5 class=\"qodef-accordion-title\">\n    <span class=\"qodef-accordion-mark\">\n\t\t<span class=\"qodef_icon_plus icon_plus\"><\/span>\n\t\t<span class=\"qodef_icon_close icon_close\"><\/span>\n\t<\/span>\n\t<span class=\"qodef-tab-title\">10:15 - 10:45 Coffee break<\/span>\n<\/h5>\n<div class=\"qodef-accordion-content\">\n\t<div class=\"qodef-accordion-content-inner\">\n\t\t[vc_column_text]<\/p>\n<p style=\"text-align: center;\"><em>Coffee break<\/em><\/p>\n<p>[\/vc_column_text]\t<\/div>\n<\/div><h5 class=\"qodef-accordion-title\">\n    <span class=\"qodef-accordion-mark\">\n\t\t<span class=\"qodef_icon_plus icon_plus\"><\/span>\n\t\t<span class=\"qodef_icon_close icon_close\"><\/span>\n\t<\/span>\n\t<span class=\"qodef-tab-title\">10:45 - 12:00 Macroeconomic and Geopolitical Perspectives and their Impact in Latin America<\/span>\n<\/h5>\n<div class=\"qodef-accordion-content\">\n\t<div class=\"qodef-accordion-content-inner\">\n\t\t[vc_column_text]<\/p>\n<table width=\"753\">\n<tbody>\n<tr>\n<td style=\"text-align: center; background-color: #e0e0e0;\" width=\"753\">10:45 &#8211; 11:15<strong><br \/>\nKeynote Lecture:<br \/>\n<\/strong>Paul Romer, Nobel Prize in Economics 2018<\/td>\n<\/tr>\n<tr>\n<td style=\"text-align: center;\" width=\"753\"><\/td>\n<\/tr>\n<tr>\n<td style=\"text-align: center; background-color: #e0e0e0;\" width=\"753\">11:15 &#8211; 12:00<strong><strong><br \/>\nConversation with Professor Paul Romer:<br \/>\n<\/strong><\/strong><strong><br \/>\n<\/strong><span style=\"text-decoration: underline;\">Panelists:<\/span><\/p>\n<ul>\n<li>Alonso Segura, Founding Partner, HacerPeru<\/li>\n<li>Diego Macera, Director of Peruvian Institute of Economics &#8211; IPE and Member of the Board of the<br \/>\nPeru&#8217;s Central Bank &#8211; BCRP<\/li>\n<\/ul>\n<\/td>\n<\/tr>\n<\/tbody>\n<\/table>\n<p>[\/vc_column_text]\t<\/div>\n<\/div><h5 class=\"qodef-accordion-title\">\n    <span class=\"qodef-accordion-mark\">\n\t\t<span class=\"qodef_icon_plus icon_plus\"><\/span>\n\t\t<span class=\"qodef_icon_close icon_close\"><\/span>\n\t<\/span>\n\t<span class=\"qodef-tab-title\">12:00 - 12:10 Professor Paul Romer will be conferred with the honorary doctorate degree by the Pontificia Universidad Cat\u00f3lica del Per\u00fa<\/span>\n<\/h5>\n<div class=\"qodef-accordion-content\">\n\t<div class=\"qodef-accordion-content-inner\">\n\t\t[vc_column_text]<\/p>\n<table width=\"753\">\n<tbody>\n<tr>\n<td style=\"text-align: center; background-color: #e0e0e0;\" width=\"753\">12:00 &#8211; 12:10<strong><br \/>\nProfessor Paul Romer will be conferred with the honorary doctorate degree by the Pontificia Universidad Cat\u00f3lica del Per\u00fa<br \/>\n<\/strong><\/td>\n<\/tr>\n<\/tbody>\n<\/table>\n<p>[\/vc_column_text]\t<\/div>\n<\/div><h5 class=\"qodef-accordion-title\">\n    <span class=\"qodef-accordion-mark\">\n\t\t<span class=\"qodef_icon_plus icon_plus\"><\/span>\n\t\t<span class=\"qodef_icon_close icon_close\"><\/span>\n\t<\/span>\n\t<span class=\"qodef-tab-title\">12:10 - 12:30 Recognition to SIMPOSIO\u2019s Founders and Presidents<\/span>\n<\/h5>\n<div class=\"qodef-accordion-content\">\n\t<div class=\"qodef-accordion-content-inner\">\n\t\t[vc_column_text]<\/p>\n<table width=\"753\">\n<tbody>\n<tr>\n<td style=\"text-align: center; background-color: #e0e0e0;\" width=\"753\">12:10 &#8211; 12:30<strong><br \/>\nRecognition to SIMPOSIO\u2019s Founders and Presidents<br \/>\n<\/strong><\/td>\n<\/tr>\n<\/tbody>\n<\/table>\n<p>[\/vc_column_text]\t<\/div>\n<\/div><h5 class=\"qodef-accordion-title\">\n    <span class=\"qodef-accordion-mark\">\n\t\t<span class=\"qodef_icon_plus icon_plus\"><\/span>\n\t\t<span class=\"qodef_icon_close icon_close\"><\/span>\n\t<\/span>\n\t<span class=\"qodef-tab-title\">12:30 - 14:30 Lunch break<\/span>\n<\/h5>\n<div class=\"qodef-accordion-content\">\n\t<div class=\"qodef-accordion-content-inner\">\n\t\t[vc_column_text]<\/p>\n<p style=\"text-align: center;\"><em>Lunch break<\/em><\/p>\n<p>[\/vc_column_text]\t<\/div>\n<\/div><h5 class=\"qodef-accordion-title\">\n    <span class=\"qodef-accordion-mark\">\n\t\t<span class=\"qodef_icon_plus icon_plus\"><\/span>\n\t\t<span class=\"qodef_icon_close icon_close\"><\/span>\n\t<\/span>\n\t<span class=\"qodef-tab-title\">14:30 - 16:15 Metals of the Future and their Role in the Latin America Region<\/span>\n<\/h5>\n<div class=\"qodef-accordion-content\">\n\t<div class=\"qodef-accordion-content-inner\">\n\t\t[vc_column_text]<\/p>\n<table width=\"754\">\n<tbody>\n<tr>\n<td style=\"text-align: center; background-color: #e0e0e0;\" width=\"753\">14:30 \u2013 15:40<strong><strong><br \/>\nPanel Discussion with the Leaders of the Region:<br \/>\n<\/strong><\/strong>Chairperson: V\u00edctor Gobitz, President, National Society of Mining, Petroleum and Energy &#8211; SNMPE<strong><strong><br \/>\n<\/strong><\/strong><strong><br \/>\n<\/strong><span style=\"text-decoration: underline;\">Panelists:<\/span><\/p>\n<ul>\n<li>Suina Chahu\u00e1n, Under Secretary of Mining, Ministry of Mining, Chile<\/li>\n<li>Roberto Luque, Minister, Ministry of Energy and Mines (E), Ecuador*<\/li>\n<li>Romulo Mucho Mamani, Minister, Ministry of Energy and Mines, Peru<\/li>\n<\/ul>\n<\/td>\n<\/tr>\n<tr>\n<td style=\"text-align: center;\" width=\"754\"><\/td>\n<\/tr>\n<tr>\n<td style=\"text-align: center; background-color: #e0e0e0;\" width=\"754\">15:40 &#8211; 16:15<strong><br \/>\nRoundtable: Peru Dialogue:<br \/>\n<\/strong>Roundtable Director: Domingo Drago, Vice President Corporate Affairs and Sustainable<br \/>\nDevelopment, Americas Region, Gold Fields<br \/>\n<strong><br \/>\n<\/strong><span style=\"text-decoration: underline;\">Panelists:<\/span><\/p>\n<ul>\n<li>Werner Salcedo, President, National Assembly of Regional Governments<\/li>\n<li>Rohel S\u00e1nchez, Regional Governor, Arequipa<\/li>\n<li>Juan Haro, Deputy Minister of Territorial Governance, Peru*<\/li>\n<\/ul>\n<\/td>\n<\/tr>\n<\/tbody>\n<\/table>\n<p>[\/vc_column_text]\t<\/div>\n<\/div><h5 class=\"qodef-accordion-title\">\n    <span class=\"qodef-accordion-mark\">\n\t\t<span class=\"qodef_icon_plus icon_plus\"><\/span>\n\t\t<span class=\"qodef_icon_close icon_close\"><\/span>\n\t<\/span>\n\t<span class=\"qodef-tab-title\">16:15 - 16:45 Coffee break<\/span>\n<\/h5>\n<div class=\"qodef-accordion-content\">\n\t<div class=\"qodef-accordion-content-inner\">\n\t\t[vc_column_text]<\/p>\n<p style=\"text-align: center;\"><em>Coffee break<\/em><\/p>\n<p>[\/vc_column_text]\t<\/div>\n<\/div><h5 class=\"qodef-accordion-title\">\n    <span class=\"qodef-accordion-mark\">\n\t\t<span class=\"qodef_icon_plus icon_plus\"><\/span>\n\t\t<span class=\"qodef_icon_close icon_close\"><\/span>\n\t<\/span>\n\t<span class=\"qodef-tab-title\">16:45 - 18:15 Precious Metals Market: Global Trends and Prospects<\/span>\n<\/h5>\n<div class=\"qodef-accordion-content\">\n\t<div class=\"qodef-accordion-content-inner\">\n\t\t[vc_column_text]<\/p>\n<table width=\"753\">\n<tbody>\n<tr>\n<td style=\"text-align: center; background-color: #e0e0e0;\" width=\"753\">16:45 \u2013 17:05<strong><br \/>\nOverview: Gold Price Expectation<br \/>\n<\/strong>Carlos de Alba, Metals &amp; Mining Equity Analyst of the Americas \u2013 Managing Director, Morgan Stanley<\/td>\n<\/tr>\n<tr>\n<td style=\"text-align: center;\" width=\"753\"><\/td>\n<\/tr>\n<tr>\n<td style=\"text-align: center; background-color: #e0e0e0;\" width=\"753\">17:15 \u2013 18:15<strong><strong><br \/>\nMining Leaders share their vision:<br \/>\n<\/strong><\/strong>Moderator: Carlos de Alba , Metals &amp; Mining Equity Analyst of the Americas \u2013 Managing Director, Morgan Stanley<strong><strong><br \/>\n<\/strong><\/strong><strong><br \/>\n<\/strong><span style=\"text-decoration: underline;\">Participants:<\/span><\/p>\n<ul>\n<li>Roque Benavides, President and CEO, Compa\u00f1\u00eda de Minas Buenaventura<\/li>\n<li>Tom Palmer, President and CEO, Newmont<\/li>\n<li>Phillips Baker, Chairman, The Silver Institute<\/li>\n<li>Joseph Cavatoni, Senior Market Strategist, North America, World Gold Council<\/li>\n<\/ul>\n<\/td>\n<\/tr>\n<\/tbody>\n<\/table>\n<p>[\/vc_column_text]\t<\/div>\n<\/div><h5 class=\"qodef-accordion-title\">\n    <span class=\"qodef-accordion-mark\">\n\t\t<span class=\"qodef_icon_plus icon_plus\"><\/span>\n\t\t<span class=\"qodef_icon_close icon_close\"><\/span>\n\t<\/span>\n\t<span class=\"qodef-tab-title\">18:15 - 18:25 Insights of the day<\/span>\n<\/h5>\n<div class=\"qodef-accordion-content\">\n\t<div class=\"qodef-accordion-content-inner\">\n\t\t[vc_column_text]<\/p>\n<table width=\"753\">\n<tbody>\n<tr>\n<td style=\"text-align: center; background-color: #e0e0e0;\" width=\"753\">18:15 \u2013 18:25<br \/>\n<strong>Insights of the day:<br \/>\n<\/strong>Mirian Lau, Founder and CEO, Peppermint<strong><br \/>\n<\/strong><\/td>\n<\/tr>\n<\/tbody>\n<\/table>\n<p>[\/vc_column_text]\t<\/div>\n<\/div><\/div>[vc_column_text css=&#8221;.vc_custom_1714073866667{padding-bottom: 30px !important;}&#8221;]<\/p>\n<div class=\"qodef-section-title-holder qodef-st-title-left qodef-st-normal-space qodef-st-with-animation qodef-appeared\">\n<div class=\"qodef-st-inner\">\n<p class=\"qodef-st-title-wrapper\"><em>* To be confirmed<\/em><\/p>\n<\/div>\n<\/div>\n<p>[\/vc_column_text][vc_empty_space height=&#8221;60px&#8221;][vc_column_text css=&#8221;.vc_custom_1707710601194{padding-bottom: 30px !important;}&#8221;]<\/p>\n<h4>Wednesday, May 22nd, 2024<\/h4>\n<p>[\/vc_column_text]<div class=\"qodef-accordion-holder qodef-ac-default  qodef-accordion qodef-ac-boxed clearfix\">\n\t<h5 class=\"qodef-accordion-title\">\n    <span class=\"qodef-accordion-mark\">\n\t\t<span class=\"qodef_icon_plus icon_plus\"><\/span>\n\t\t<span class=\"qodef_icon_close icon_close\"><\/span>\n\t<\/span>\n\t<span class=\"qodef-tab-title\">8:00 - 9:00 Registration<\/span>\n<\/h5>\n<div class=\"qodef-accordion-content\">\n\t<div class=\"qodef-accordion-content-inner\">\n\t\t[vc_column_text]<\/p>\n<table width=\"753\">\n<tbody>\n<tr>\n<td style=\"text-align: center; background-color: #e0e0e0;\" width=\"753\">8:00 &#8211; 9:00<strong><br \/>\nRegistration<br \/>\n<\/strong><\/td>\n<\/tr>\n<\/tbody>\n<\/table>\n<p>[\/vc_column_text]\t<\/div>\n<\/div><h5 class=\"qodef-accordion-title\">\n    <span class=\"qodef-accordion-mark\">\n\t\t<span class=\"qodef_icon_plus icon_plus\"><\/span>\n\t\t<span class=\"qodef_icon_close icon_close\"><\/span>\n\t<\/span>\n\t<span class=\"qodef-tab-title\">09:00 - 10:30 How can responsible production of minerals build trust as well as other positive impacts<\/span>\n<\/h5>\n<div class=\"qodef-accordion-content\">\n\t<div class=\"qodef-accordion-content-inner\">\n\t\t[vc_column_text]<\/p>\n<table width=\"754\">\n<tbody>\n<tr>\n<td style=\"text-align: center; background-color: #e0e0e0;\" width=\"754\">9:00 &#8211; 9:30<strong><br \/>\nKeynote Conference:<br \/>\n<\/strong>Rohitesh Dhawan, President, ICMM<\/td>\n<\/tr>\n<tr>\n<td style=\"text-align: center;\" width=\"754\"><\/td>\n<\/tr>\n<tr>\n<td style=\"text-align: center; background-color: #e0e0e0;\" width=\"753\">9:30 \u2013 10:30<strong><strong><br \/>\nPanel Discussion with Rohitesh Dhawan:<\/strong><\/strong><strong><strong><br \/>\n<\/strong><\/strong><strong><br \/>\n<\/strong><span style=\"text-decoration: underline;\">Panelists:<\/span><\/p>\n<ul>\n<li>Juan Luis Kruger, CEO, Minsur<\/li>\n<li>M\u00e1ximo Pacheco, Chairman of the Board, Codelco<\/li>\n<li>Troy Hey, Executive General Manager &#8211; Corporate Relations, MMG Limited<\/li>\n<\/ul>\n<\/td>\n<\/tr>\n<\/tbody>\n<\/table>\n<p>[\/vc_column_text]\t<\/div>\n<\/div><h5 class=\"qodef-accordion-title\">\n    <span class=\"qodef-accordion-mark\">\n\t\t<span class=\"qodef_icon_plus icon_plus\"><\/span>\n\t\t<span class=\"qodef_icon_close icon_close\"><\/span>\n\t<\/span>\n\t<span class=\"qodef-tab-title\">10:30 - 11:00 Coffee break<\/span>\n<\/h5>\n<div class=\"qodef-accordion-content\">\n\t<div class=\"qodef-accordion-content-inner\">\n\t\t[vc_column_text]<\/p>\n<p style=\"text-align: center;\"><em>Coffee break<\/em><\/p>\n<p>[\/vc_column_text]\t<\/div>\n<\/div><h5 class=\"qodef-accordion-title\">\n    <span class=\"qodef-accordion-mark\">\n\t\t<span class=\"qodef_icon_plus icon_plus\"><\/span>\n\t\t<span class=\"qodef_icon_close icon_close\"><\/span>\n\t<\/span>\n\t<span class=\"qodef-tab-title\">11:00 - 12:15 Project Development and Investment Opportunities in Peru<\/span>\n<\/h5>\n<div class=\"qodef-accordion-content\">\n\t<div class=\"qodef-accordion-content-inner\">\n\t\t[vc_column_text]<\/p>\n<table width=\"754\">\n<tbody>\n<tr>\n<td style=\"text-align: center; background-color: #e0e0e0;\" width=\"754\">11:00 &#8211; 11:20<strong><br \/>\nConference:<br \/>\n<\/strong>Miguel Cardozo, President and CEO, Alturas Minerals Corp.<\/td>\n<\/tr>\n<tr>\n<td style=\"text-align: center;\" width=\"754\"><\/td>\n<\/tr>\n<tr>\n<td style=\"text-align: center; background-color: #e0e0e0;\" width=\"753\">11:20 &#8211; 12:15<strong><strong><br \/>\nOverview:<br \/>\n<\/strong><\/strong>Gonzalo Tamayo, Partner, Macroconsult<strong><strong><br \/>\n<\/strong><\/strong><strong><br \/>\n<\/strong><span style=\"text-decoration: underline;\">Conversation with Key Investors:<\/span><\/p>\n<ul>\n<li>Haquira and La Granja projects: Steven Lewis, Project Development Manager, First Quantum Minerals Ltd.<\/li>\n<li>Michiquillay and T\u00eda Mar\u00eda projects: Ra\u00fal Jacob, Vice President, Finance and Chief Financial Officer, Southern Peru Copper Corporation<\/li>\n<\/ul>\n<\/td>\n<\/tr>\n<\/tbody>\n<\/table>\n<p>[\/vc_column_text]\t<\/div>\n<\/div><h5 class=\"qodef-accordion-title\">\n    <span class=\"qodef-accordion-mark\">\n\t\t<span class=\"qodef_icon_plus icon_plus\"><\/span>\n\t\t<span class=\"qodef_icon_close icon_close\"><\/span>\n\t<\/span>\n\t<span class=\"qodef-tab-title\">12:15 - 14:15 Lunch break<\/span>\n<\/h5>\n<div class=\"qodef-accordion-content\">\n\t<div class=\"qodef-accordion-content-inner\">\n\t\t[vc_column_text]<\/p>\n<p style=\"text-align: center;\"><em>Lunch break<\/em><\/p>\n<p>[\/vc_column_text]\t<\/div>\n<\/div><h5 class=\"qodef-accordion-title\">\n    <span class=\"qodef-accordion-mark\">\n\t\t<span class=\"qodef_icon_plus icon_plus\"><\/span>\n\t\t<span class=\"qodef_icon_close icon_close\"><\/span>\n\t<\/span>\n\t<span class=\"qodef-tab-title\">Copper in Latin America, Fostering Human Development<\/span>\n<\/h5>\n<div class=\"qodef-accordion-content\">\n\t<div class=\"qodef-accordion-content-inner\">\n\t\t[vc_column_text]<\/p>\n<table width=\"754\">\n<tbody>\n<tr>\n<td style=\"text-align: center; background-color: #e0e0e0;\" width=\"754\">14:15 &#8211; 14:35<strong><br \/>\nConference:<br \/>\n<\/strong>Juan Ignacio D\u00edaz, President and CEO, The International Copper Association &#8211; ICA<\/td>\n<\/tr>\n<\/tbody>\n<\/table>\n<p>[\/vc_column_text]\t<\/div>\n<\/div><h5 class=\"qodef-accordion-title\">\n    <span class=\"qodef-accordion-mark\">\n\t\t<span class=\"qodef_icon_plus icon_plus\"><\/span>\n\t\t<span class=\"qodef_icon_close icon_close\"><\/span>\n\t<\/span>\n\t<span class=\"qodef-tab-title\">14:35 - 15:30 Competitiveness in the Region. Common Challenges of Latin American Business Associations<\/span>\n<\/h5>\n<div class=\"qodef-accordion-content\">\n\t<div class=\"qodef-accordion-content-inner\">\n\t\t[vc_column_text]<\/p>\n<table width=\"754\">\n<tbody>\n<tr>\n<td style=\"text-align: center; background-color: #e0e0e0;\" width=\"753\">14:35 &#8211; 15:30<strong><strong><br \/>\nPanel Discussion<br \/>\n<\/strong><\/strong>Panel Director: Angela Grossheim, Executive Director, National Society of Mining, Petroleum and Energy &#8211; SNMPE<strong><strong><br \/>\n<\/strong><\/strong><strong><br \/>\n<\/strong><span style=\"text-decoration: underline;\">Panelists:<\/span><\/p>\n<ul>\n<li>Jorge Riesco, President, National Mining Society of Chile<\/li>\n<li>Carlos Urenda, General Manager, Mining Council of Chile<\/li>\n<li>Karen Flores, General Director, Mexican Chamber of Mines &#8211; Camimex<\/li>\n<li>Juan Camilo Nari\u00f1o, President, Colombian Association of Mining \u2013 ACM<\/li>\n<li>Roberto Cacciola, President, Argentine Chamber of Mining Companies \u2013 CAEM<\/li>\n<\/ul>\n<\/td>\n<\/tr>\n<\/tbody>\n<\/table>\n<p>[\/vc_column_text]\t<\/div>\n<\/div><h5 class=\"qodef-accordion-title\">\n    <span class=\"qodef-accordion-mark\">\n\t\t<span class=\"qodef_icon_plus icon_plus\"><\/span>\n\t\t<span class=\"qodef_icon_close icon_close\"><\/span>\n\t<\/span>\n\t<span class=\"qodef-tab-title\">15:30 - 16:30 Territorial Development<\/span>\n<\/h5>\n<div class=\"qodef-accordion-content\">\n\t<div class=\"qodef-accordion-content-inner\">\n\t\t[vc_column_text]<\/p>\n<table width=\"754\">\n<tbody>\n<tr>\n<td style=\"text-align: center; background-color: #e0e0e0;\" width=\"754\">15:30 &#8211; 15:45<strong><br \/>\nConference:<br \/>\n<\/strong>Milton von Hesse, Director, Videnza Consultores<\/td>\n<\/tr>\n<tr>\n<td style=\"text-align: center;\" width=\"754\"><\/td>\n<\/tr>\n<tr>\n<td style=\"text-align: center; background-color: #e0e0e0;\" width=\"753\">15:45 &#8211; 16:30<strong><strong><br \/>\nPanel Discussion:<br \/>\n<\/strong><\/strong>Panel Director: Gonzalo Quijandr\u00eda, Director of Corporate Affairs and Sustainability, Minsur S.A.<strong><strong><br \/>\n<\/strong><\/strong><strong><br \/>\n<\/strong><span style=\"text-decoration: underline;\">Panelists:<\/span><\/p>\n<ul>\n<li>Richard Hancco Soncco, Regional Governor, Puno<\/li>\n<li>Julio C\u00e1ceres Arce, President, Arequipa Chamber of Commerce<\/li>\n<li>Henry Luna, Deputy Minister of Mines, Peru*<\/li>\n<li>Diego Ortega, Vice President Corporate Affairs &amp; Sustainability &#8211; Quellaveco, Anglo American<\/li>\n<\/ul>\n<\/td>\n<\/tr>\n<\/tbody>\n<\/table>\n<p>[\/vc_column_text]\t<\/div>\n<\/div><h5 class=\"qodef-accordion-title\">\n    <span class=\"qodef-accordion-mark\">\n\t\t<span class=\"qodef_icon_plus icon_plus\"><\/span>\n\t\t<span class=\"qodef_icon_close icon_close\"><\/span>\n\t<\/span>\n\t<span class=\"qodef-tab-title\">16:30 - 17:00 Coffee break<\/span>\n<\/h5>\n<div class=\"qodef-accordion-content\">\n\t<div class=\"qodef-accordion-content-inner\">\n\t\t[vc_column_text]<\/p>\n<p style=\"text-align: center;\"><em>Coffee break<\/em><\/p>\n<p>[\/vc_column_text]\t<\/div>\n<\/div><h5 class=\"qodef-accordion-title\">\n    <span class=\"qodef-accordion-mark\">\n\t\t<span class=\"qodef_icon_plus icon_plus\"><\/span>\n\t\t<span class=\"qodef_icon_close icon_close\"><\/span>\n\t<\/span>\n\t<span class=\"qodef-tab-title\">17:00 - 18:30 Illegal Mining, From a Regional Outlook<\/span>\n<\/h5>\n<div class=\"qodef-accordion-content\">\n\t<div class=\"qodef-accordion-content-inner\">\n\t\t[vc_column_text]<\/p>\n<table width=\"754\">\n<tbody>\n<tr>\n<td style=\"text-align: center; background-color: #e0e0e0;\" width=\"754\">17:00 &#8211; 17:30<strong><br \/>\nResearch Study: Comparative analysis of governmental actions against informal and illegal mining:<br \/>\n<\/strong>Carlos Gallardo, General Manager, Peruvian Institute of Economics &#8211; IPE<\/td>\n<\/tr>\n<tr>\n<td style=\"text-align: center;\" width=\"754\"><\/td>\n<\/tr>\n<tr>\n<td style=\"text-align: center; background-color: #e0e0e0;\" width=\"753\">17:30 &#8211; 18:30<strong><strong><br \/>\nDebate Session:<br \/>\n<\/strong><\/strong>Panel Director: Magaly Bardales, Corporate Legal and Institutional Relations Manager, Nexa Resources Peru<strong><strong><br \/>\n<\/strong><\/strong><strong><br \/>\n<\/strong><span style=\"text-decoration: underline;\">Panelists:<\/span><\/p>\n<ul>\n<li>Hillary W. Amster, COO, The Copper Mark<\/li>\n<li>Carlos Cante, CEO, Fenalcarb\u00f3n<\/li>\n<li>Mauricio Medinaceli, Economist, Bolivia*<\/li>\n<li>Rodolfo Garc\u00eda, High Commissioner Against Illegal Mining, Peru<\/li>\n<\/ul>\n<\/td>\n<\/tr>\n<\/tbody>\n<\/table>\n<p>[\/vc_column_text]\t<\/div>\n<\/div><h5 class=\"qodef-accordion-title\">\n    <span class=\"qodef-accordion-mark\">\n\t\t<span class=\"qodef_icon_plus icon_plus\"><\/span>\n\t\t<span class=\"qodef_icon_close icon_close\"><\/span>\n\t<\/span>\n\t<span class=\"qodef-tab-title\">18:30 - 18:40 Insights of the day<\/span>\n<\/h5>\n<div class=\"qodef-accordion-content\">\n\t<div class=\"qodef-accordion-content-inner\">\n\t\t[vc_column_text]<\/p>\n<table width=\"753\">\n<tbody>\n<tr>\n<td style=\"text-align: center; background-color: #e0e0e0;\" width=\"753\">18:30 \u2013 18:40<br \/>\n<strong>Insights of the day:<br \/>\n<\/strong>Augusto Townsend Klinge, Co-Founder, Recambio<\/td>\n<\/tr>\n<\/tbody>\n<\/table>\n<p>[\/vc_column_text]\t<\/div>\n<\/div><\/div>[vc_column_text css=&#8221;.vc_custom_1714073866667{padding-bottom: 30px !important;}&#8221;]<\/p>\n<div class=\"qodef-section-title-holder qodef-st-title-left qodef-st-normal-space qodef-st-with-animation qodef-appeared\">\n<div class=\"qodef-st-inner\">\n<p class=\"qodef-st-title-wrapper\"><em>* To be confirmed<\/em><\/p>\n<\/div>\n<\/div>\n<p>[\/vc_column_text][vc_empty_space height=&#8221;60px&#8221;][vc_column_text css=&#8221;.vc_custom_1707711062607{padding-bottom: 30px !important;}&#8221;]<\/p>\n<h4>Thursday, May 23rd, 2024<\/h4>\n<p>[\/vc_column_text]<div class=\"qodef-accordion-holder qodef-ac-default  qodef-accordion qodef-ac-boxed clearfix\">\n\t<h5 class=\"qodef-accordion-title\">\n    <span class=\"qodef-accordion-mark\">\n\t\t<span class=\"qodef_icon_plus icon_plus\"><\/span>\n\t\t<span class=\"qodef_icon_close icon_close\"><\/span>\n\t<\/span>\n\t<span class=\"qodef-tab-title\">8:00 - 9:00 Registration<\/span>\n<\/h5>\n<div class=\"qodef-accordion-content\">\n\t<div class=\"qodef-accordion-content-inner\">\n\t\t[vc_column_text]<\/p>\n<table width=\"753\">\n<tbody>\n<tr>\n<td style=\"text-align: center; background-color: #e0e0e0;\" width=\"753\">8:00 &#8211; 9:00<strong><br \/>\nRegistration<br \/>\n<\/strong><\/td>\n<\/tr>\n<\/tbody>\n<\/table>\n<p>[\/vc_column_text]\t<\/div>\n<\/div><h5 class=\"qodef-accordion-title\">\n    <span class=\"qodef-accordion-mark\">\n\t\t<span class=\"qodef_icon_plus icon_plus\"><\/span>\n\t\t<span class=\"qodef_icon_close icon_close\"><\/span>\n\t<\/span>\n\t<span class=\"qodef-tab-title\">09:00 - 10:30 Exploring the Future of Global Economy: Let&#039;s Listen to the Experts<\/span>\n<\/h5>\n<div class=\"qodef-accordion-content\">\n\t<div class=\"qodef-accordion-content-inner\">\n\t\t[vc_column_text]<\/p>\n<table width=\"754\">\n<tbody>\n<tr>\n<td style=\"text-align: center; background-color: #e0e0e0;\" width=\"754\">9:00 &#8211; 9:30<strong><br \/>\nKeynote Remarks:<br \/>\n<\/strong>Julio Velarde, President, Central Reserve Bank, Peru<strong><br \/>\n<\/strong><\/td>\n<\/tr>\n<tr>\n<td style=\"text-align: center;\" width=\"754\"><\/td>\n<\/tr>\n<tr>\n<td style=\"text-align: center; background-color: #e0e0e0;\" width=\"753\">9:30 &#8211; 10:30<strong><strong><br \/>\nDialogue:<br \/>\n<\/strong><\/strong>Panelist Director: Gonzalo de Losada, CEO, Consorcio Minero Horizonte<strong><strong><br \/>\n<\/strong><\/strong><strong><br \/>\n<\/strong><span style=\"text-decoration: underline;\">Panelists:<\/span><\/p>\n<ul>\n<li>Julio Velarde, President, Central Reserve Bank, Peru<\/li>\n<li>Diego Pereira, Chief Economist for South America, JP Morgan Chase &amp; Co.<\/li>\n<li>Claudia Cooper, Vice President for Sustainability and External Affairs, Antamina<\/li>\n<\/ul>\n<\/td>\n<\/tr>\n<\/tbody>\n<\/table>\n<p>[\/vc_column_text]\t<\/div>\n<\/div><h5 class=\"qodef-accordion-title\">\n    <span class=\"qodef-accordion-mark\">\n\t\t<span class=\"qodef_icon_plus icon_plus\"><\/span>\n\t\t<span class=\"qodef_icon_close icon_close\"><\/span>\n\t<\/span>\n\t<span class=\"qodef-tab-title\">10:30 - 1100 Coffee break<\/span>\n<\/h5>\n<div class=\"qodef-accordion-content\">\n\t<div class=\"qodef-accordion-content-inner\">\n\t\t[vc_column_text]<\/p>\n<p style=\"text-align: center;\"><em>Coffee break<\/em><\/p>\n<p>[\/vc_column_text]\t<\/div>\n<\/div><h5 class=\"qodef-accordion-title\">\n    <span class=\"qodef-accordion-mark\">\n\t\t<span class=\"qodef_icon_plus icon_plus\"><\/span>\n\t\t<span class=\"qodef_icon_close icon_close\"><\/span>\n\t<\/span>\n\t<span class=\"qodef-tab-title\">11:00 - 12:30 Importance of Copper in the Global Economy: Copper in our Lives<\/span>\n<\/h5>\n<div class=\"qodef-accordion-content\">\n\t<div class=\"qodef-accordion-content-inner\">\n\t\t[vc_column_text]<\/p>\n<table width=\"754\">\n<tbody>\n<tr>\n<td style=\"text-align: center; background-color: #e0e0e0;\" width=\"754\">11:00 &#8211; 11:30<strong><br \/>\nKeynote Speech:<br \/>\n<\/strong>Simon Morris, Head of Base &amp; Batery Metals, CRU<strong><br \/>\n<\/strong><\/td>\n<\/tr>\n<tr>\n<td style=\"text-align: center;\" width=\"754\"><\/td>\n<\/tr>\n<tr>\n<td style=\"text-align: center; background-color: #e0e0e0;\" width=\"753\">11:30 &#8211; 12:30<strong><strong><br \/>\nConversation with a panel of experts:<br \/>\n<\/strong><\/strong>Panel Director: Adolfo Vera, President and CEO, Southern Peaks Mining<strong><strong><br \/>\n<\/strong><\/strong><strong><br \/>\n<\/strong><span style=\"text-decoration: underline;\">Panelists:<\/span><\/p>\n<ul>\n<li>Derek Cooke, President, Sociedad Minera Cerro Verde*<\/li>\n<li>Tzveta Tchorbadjieva, Executive Head Strategy, Business Development &amp; Finance, Americas, Anglo American<\/li>\n<li>Abraham Chahu\u00e1n, Regional Lead South America Operations, Glencore<\/li>\n<li>John Blanchette, President &#8211; Barbados, Franco Nevada Corporation*<\/li>\n<\/ul>\n<\/td>\n<\/tr>\n<\/tbody>\n<\/table>\n<p>[\/vc_column_text]\t<\/div>\n<\/div><h5 class=\"qodef-accordion-title\">\n    <span class=\"qodef-accordion-mark\">\n\t\t<span class=\"qodef_icon_plus icon_plus\"><\/span>\n\t\t<span class=\"qodef_icon_close icon_close\"><\/span>\n\t<\/span>\n\t<span class=\"qodef-tab-title\">12:30 - 14:30 Lunch break<\/span>\n<\/h5>\n<div class=\"qodef-accordion-content\">\n\t<div class=\"qodef-accordion-content-inner\">\n\t\t[vc_column_text]<\/p>\n<p style=\"text-align: center;\"><em>Lunch break<\/em><\/p>\n<p>[\/vc_column_text]\t<\/div>\n<\/div><h5 class=\"qodef-accordion-title\">\n    <span class=\"qodef-accordion-mark\">\n\t\t<span class=\"qodef_icon_plus icon_plus\"><\/span>\n\t\t<span class=\"qodef_icon_close icon_close\"><\/span>\n\t<\/span>\n\t<span class=\"qodef-tab-title\">14:30 - 15:45 Energy Transition in Mining: Well-being for Mankind<\/span>\n<\/h5>\n<div class=\"qodef-accordion-content\">\n\t<div class=\"qodef-accordion-content-inner\">\n\t\t[vc_column_text]<\/p>\n<table width=\"754\">\n<tbody>\n<tr>\n<td style=\"text-align: center; background-color: #e0e0e0;\" width=\"754\">14:30 &#8211; 15:00<strong><br \/>\nPlenary Conference:<br \/>\n<\/strong>Martin Lambert, Senior Research Fellow, Oxford Institute for Energy Studies<\/td>\n<\/tr>\n<tr>\n<td style=\"text-align: center;\" width=\"754\"><\/td>\n<\/tr>\n<tr>\n<td style=\"text-align: center; background-color: #e0e0e0;\" width=\"753\">15:00 \u2013 15:45<strong><strong><br \/>\nPanel Discussion:<br \/>\n<\/strong><\/strong>Panel Director: Mar\u00eda Julia Aybar, Country Manager, Hunt Oil Company<strong><strong><br \/>\n<\/strong><\/strong><strong><br \/>\n<\/strong><span style=\"text-decoration: underline;\">Panelists:<\/span><\/p>\n<ul>\n<li>Adolfo Heeren, CEO \u2013 Quellaveco, Anglo American<\/li>\n<li>Simone Sciamanna, Business Unit Director, Repsol Exploraci\u00f3n Per\u00fa, Sucursal del Per\u00fa<\/li>\n<li>Jos\u00e9 Ignacio Escobar, CEO, Colbun<\/li>\n<\/ul>\n<\/td>\n<\/tr>\n<\/tbody>\n<\/table>\n<p>[\/vc_column_text]\t<\/div>\n<\/div><h5 class=\"qodef-accordion-title\">\n    <span class=\"qodef-accordion-mark\">\n\t\t<span class=\"qodef_icon_plus icon_plus\"><\/span>\n\t\t<span class=\"qodef_icon_close icon_close\"><\/span>\n\t<\/span>\n\t<span class=\"qodef-tab-title\">15:45 - 16:45 A Culture of Innovation: Fundamental Pillar for the Transformation and Sustainability of the Mining Sector<\/span>\n<\/h5>\n<div class=\"qodef-accordion-content\">\n\t<div class=\"qodef-accordion-content-inner\">\n\t\t[vc_column_text]<\/p>\n<table width=\"754\">\n<tbody>\n<tr>\n<td style=\"text-align: center; background-color: #e0e0e0;\" width=\"754\">15:45 &#8211; 16:05<strong><br \/>\nPlenary Conference:<br \/>\n<\/strong>Priscila Gomes, Business Executive, Chief People Officer, R\u00edo Tinto<\/td>\n<\/tr>\n<tr>\n<td style=\"text-align: center;\" width=\"754\"><\/td>\n<\/tr>\n<tr>\n<td style=\"text-align: center; background-color: #e0e0e0;\" width=\"753\">16:05 &#8211; 16:45<strong><strong><br \/>\nDebate Session:<br \/>\n<\/strong><\/strong>Panel Director: Rafael Estrada, Information Technology, Telecommunications and Process Controls Manager, Antamina<strong><strong><br \/>\n<\/strong><\/strong><strong><br \/>\n<\/strong><span style=\"text-decoration: underline;\">Panelists:<\/span><\/p>\n<ul>\n<li>Priscila Gomes, Business Executive, Chief People Officer, R\u00edo Tinto<\/li>\n<li>Nathan Williams, CEO, Blockchain Technology, Minespider<\/li>\n<li>Mike Placer, Vice President Americas Sector Lead Mining, Minerals and Metals, Worley<\/li>\n<\/ul>\n<\/td>\n<\/tr>\n<\/tbody>\n<\/table>\n<p>[\/vc_column_text]\t<\/div>\n<\/div><h5 class=\"qodef-accordion-title\">\n    <span class=\"qodef-accordion-mark\">\n\t\t<span class=\"qodef_icon_plus icon_plus\"><\/span>\n\t\t<span class=\"qodef_icon_close icon_close\"><\/span>\n\t<\/span>\n\t<span class=\"qodef-tab-title\">16:45 - 17:15 Coffee break<\/span>\n<\/h5>\n<div class=\"qodef-accordion-content\">\n\t<div class=\"qodef-accordion-content-inner\">\n\t\t[vc_column_text]<\/p>\n<p style=\"text-align: center;\"><em>Coffee break<\/em><\/p>\n<p>[\/vc_column_text]\t<\/div>\n<\/div><h5 class=\"qodef-accordion-title\">\n    <span class=\"qodef-accordion-mark\">\n\t\t<span class=\"qodef_icon_plus icon_plus\"><\/span>\n\t\t<span class=\"qodef_icon_close icon_close\"><\/span>\n\t<\/span>\n\t<span class=\"qodef-tab-title\">17:15 - 18:15 Developing Talent for the Future<\/span>\n<\/h5>\n<div class=\"qodef-accordion-content\">\n\t<div class=\"qodef-accordion-content-inner\">\n\t\t[vc_column_text]<\/p>\n<table width=\"754\">\n<tbody>\n<tr>\n<td style=\"text-align: center; background-color: #e0e0e0;\" width=\"754\">17:15 &#8211; 17:35<strong><br \/>\nPlenary Lecture:<br \/>\n<\/strong>Peter Knights, Professor, School of Mechanical and Mining Engineering, The University of Queensland<\/td>\n<\/tr>\n<tr>\n<td style=\"text-align: center;\" width=\"754\"><\/td>\n<\/tr>\n<tr>\n<td style=\"text-align: center; background-color: #e0e0e0;\" width=\"753\">17:35 &#8211; 18:15<strong><strong><br \/>\nPanel Discussion:<br \/>\n<\/strong><\/strong>Panel Director: Ver\u00f3nica Valderrama, Vice President Human Resources, Gold Fields<strong><strong><br \/>\n<\/strong><\/strong><strong><br \/>\n<\/strong><span style=\"text-decoration: underline;\">Panelists:<\/span><\/p>\n<ul>\n<li>Juan Carlos Ortiz, Vice President Operations, Compa\u00f1\u00eda de Minas Buenaventura<\/li>\n<li>Alvaro Collas, Senior Partner, Kingsley Gate<\/li>\n<li>Facundo Perez, Executive Director, Programme for Strengthening the Quality and Relevance of Higher and Technological Education and University Education \u2013 PMESUT, Ministry of Education, Republic of Peru<\/li>\n<\/ul>\n<\/td>\n<\/tr>\n<\/tbody>\n<\/table>\n<p>[\/vc_column_text]\t<\/div>\n<\/div><h5 class=\"qodef-accordion-title\">\n    <span class=\"qodef-accordion-mark\">\n\t\t<span class=\"qodef_icon_plus icon_plus\"><\/span>\n\t\t<span class=\"qodef_icon_close icon_close\"><\/span>\n\t<\/span>\n\t<span class=\"qodef-tab-title\">18:15 - 18:25 Insights of the day<\/span>\n<\/h5>\n<div class=\"qodef-accordion-content\">\n\t<div class=\"qodef-accordion-content-inner\">\n\t\t[vc_column_text]<\/p>\n<table width=\"753\">\n<tbody>\n<tr>\n<td style=\"text-align: center; background-color: #e0e0e0;\" width=\"753\">18:15 \u2013 18:25<br \/>\n<strong>Insights of the day:<br \/>\n<\/strong>Paola del Carpio, Research Coordinator, Development Studies Network &#8211; REDES<\/td>\n<\/tr>\n<\/tbody>\n<\/table>\n<p>[\/vc_column_text]\t<\/div>\n<\/div><h5 class=\"qodef-accordion-title\">\n    <span class=\"qodef-accordion-mark\">\n\t\t<span class=\"qodef_icon_plus icon_plus\"><\/span>\n\t\t<span class=\"qodef_icon_close icon_close\"><\/span>\n\t<\/span>\n\t<span class=\"qodef-tab-title\">18:25 - 18:50 Closing Ceremony<\/span>\n<\/h5>\n<div class=\"qodef-accordion-content\">\n\t<div class=\"qodef-accordion-content-inner\">\n\t\t[vc_column_text]<\/p>\n<table width=\"754\">\n<tbody>\n<tr>\n<td style=\"text-align: center; background-color: #e0e0e0;\" width=\"754\">18:25 \u2013 18:40<strong><br \/>\nConclusions:<br \/>\n<\/strong>Gonzalo Quijandr\u00eda, President, SIMPOSIO \u2013 XV International Mining Meeting<\/td>\n<\/tr>\n<tr>\n<td style=\"text-align: center;\" width=\"754\"><\/td>\n<\/tr>\n<tr>\n<td style=\"text-align: center; background-color: #e0e0e0;\" width=\"753\">18:40 \u2013 18:50<strong><strong><br \/>\nClosing Adress:<br \/>\n<\/strong><\/strong>V\u00edctor Gobitz, President, National Society of Mining, Petroleum and Energy &#8211; SNMPE<\/td>\n<\/tr>\n<\/tbody>\n<\/table>\n<p>[\/vc_column_text]\t<\/div>\n<\/div><h5 class=\"qodef-accordion-title\">\n    <span class=\"qodef-accordion-mark\">\n\t\t<span class=\"qodef_icon_plus icon_plus\"><\/span>\n\t\t<span class=\"qodef_icon_close icon_close\"><\/span>\n\t<\/span>\n\t<span class=\"qodef-tab-title\">19:00 Farewell Toast<\/span>\n<\/h5>\n<div class=\"qodef-accordion-content\">\n\t<div class=\"qodef-accordion-content-inner\">\n\t\t[vc_column_text]<\/p>\n<p style=\"text-align: center;\"><strong>Farewell Toast<\/strong><\/p>\n<p>[\/vc_column_text]\t<\/div>\n<\/div><\/div>[vc_column_text css=&#8221;.vc_custom_1714073866667{padding-bottom: 30px !important;}&#8221;]<\/p>\n<div class=\"qodef-section-title-holder qodef-st-title-left qodef-st-normal-space qodef-st-with-animation qodef-appeared\">\n<div class=\"qodef-st-inner\">\n<p class=\"qodef-st-title-wrapper\"><em>* To be confirmed<\/em><\/p>\n<\/div>\n<\/div>\n<p>[\/vc_column_text][vc_empty_space height=&#8221;60px&#8221;][\/vc_column][\/vc_row]<\/p>\n<\/div>","protected":false},"excerpt":{"rendered":"<p>[vc_row row_content_width=&#8221;grid&#8221; css=&#8221;.vc_custom_1707144198052{padding-top: 30px !important;padding-bottom: 60px !important;}&#8221;][vc_column offset=&#8221;vc_col-lg-offset-0 vc_col-lg-12 vc_col-md-offset-0 vc_col-md-12 vc_col-sm-offset-0 vc_col-xs-12&#8243;][vc_btn title=&#8221;Download the Program&#8221; style=&#8221;outline&#8221; shape=&#8221;round&#8221; color=&#8221;black&#8221; size=&#8221;lg&#8221; align=&#8221;right&#8221; target=&#8221;_blank&#8221; link=&#8221;url:https%3A%2F%2Fwww.simposio.pe%2Fwp-content%2Fuploads%2F2024%2F05%2FSIMPOSIO-Conference-program-updated-05.10.24.pdf|title:Agenda%20at%20a%20glance|target:_blank&#8221; el_class=&#8221;btn_regresar_members&#8221;][vc_column_text css=&#8221;.vc_custom_1707746543184{padding-bottom: 30px !important;}&#8221;] Get to know our conference program [\/vc_column_text][vc_column_text css=&#8221;.vc_custom_1708011070716{padding-bottom: 30px !important;}&#8221;] Tuesday, May 21st, 2024 [\/vc_column_text][vc_column_text css=&#8221;.vc_custom_1714073866667{padding-bottom: 30px !important;}&#8221;] * To be confirmed [\/vc_column_text][vc_empty_space height=&#8221;60px&#8221;][vc_column_text css=&#8221;.vc_custom_1707710601194{padding-bottom: 30px !important;}&#8221;] Wednesday, May 22nd, 2024 [\/vc_column_text][vc_column_text css=&#8221;.vc_custom_1714073866667{padding-bottom: 30px !important;}&#8221;] * To be confirmed [\/vc_column_text][vc_empty_space height=&#8221;60px&#8221;][vc_column_text css=&#8221;.vc_custom_1707711062607{padding-bottom: 30px !important;}&#8221;] Thursday, May 23rd, 2024 [\/vc_column_text][vc_column_text css=&#8221;.vc_custom_1714073866667{padding-bottom: 30px !important;}&#8221;] * [&hellip;]<\/p>\n","protected":false},"author":32,"featured_media":0,"parent":0,"menu_order":0,"comment_status":"closed","ping_status":"closed","template":"full-width.php","meta":{"_acf_changed":false,"inline_featured_image":false,"footnotes":""},"class_list":["post-10584","page","type-page","status-publish","hentry"],"acf":[],"yoast_head":"<!-- This site is optimized with the Yoast SEO plugin v24.5 - https:\/\/yoast.com\/wordpress\/plugins\/seo\/ -->\n<title>Agenda at a glance - Simposio | XV Encuentro Internacional de Miner\u00eda<\/title>\n<meta name=\"robots\" content=\"index, follow, max-snippet:-1, max-image-preview:large, max-video-preview:-1\" \/>\n<link rel=\"canonical\" href=\"https:\/\/simposio-xv.simposio.pe\/en\/agenda-at-a-glance\/\" \/>\n<meta property=\"og:locale\" content=\"en_US\" \/>\n<meta property=\"og:type\" content=\"article\" \/>\n<meta property=\"og:title\" content=\"Agenda at a glance - Simposio | XV Encuentro Internacional de Miner\u00eda\" \/>\n<meta property=\"og:description\" content=\"[vc_row row_content_width=&#8221;grid&#8221; css=&#8221;.vc_custom_1707144198052{padding-top: 30px !important;padding-bottom: 60px !important;}&#8221;][vc_column offset=&#8221;vc_col-lg-offset-0 vc_col-lg-12 vc_col-md-offset-0 vc_col-md-12 vc_col-sm-offset-0 vc_col-xs-12&#8243;][vc_btn title=&#8221;Download the Program&#8221; style=&#8221;outline&#8221; shape=&#8221;round&#8221; color=&#8221;black&#8221; size=&#8221;lg&#8221; align=&#8221;right&#8221; target=&#8221;_blank&#8221; link=&#8221;url:https%3A%2F%2Fwww.simposio.pe%2Fwp-content%2Fuploads%2F2024%2F05%2FSIMPOSIO-Conference-program-updated-05.10.24.pdf|title:Agenda%20at%20a%20glance|target:_blank&#8221; el_class=&#8221;btn_regresar_members&#8221;][vc_column_text css=&#8221;.vc_custom_1707746543184{padding-bottom: 30px !important;}&#8221;] Get to know our conference program [\/vc_column_text][vc_column_text css=&#8221;.vc_custom_1708011070716{padding-bottom: 30px !important;}&#8221;] Tuesday, May 21st, 2024 [\/vc_column_text][vc_column_text css=&#8221;.vc_custom_1714073866667{padding-bottom: 30px !important;}&#8221;] * To be confirmed [\/vc_column_text][vc_empty_space height=&#8221;60px&#8221;][vc_column_text css=&#8221;.vc_custom_1707710601194{padding-bottom: 30px !important;}&#8221;] Wednesday, May 22nd, 2024 [\/vc_column_text][vc_column_text css=&#8221;.vc_custom_1714073866667{padding-bottom: 30px !important;}&#8221;] * To be confirmed [\/vc_column_text][vc_empty_space height=&#8221;60px&#8221;][vc_column_text css=&#8221;.vc_custom_1707711062607{padding-bottom: 30px !important;}&#8221;] Thursday, May 23rd, 2024 [\/vc_column_text][vc_column_text css=&#8221;.vc_custom_1714073866667{padding-bottom: 30px !important;}&#8221;] * [&hellip;]\" \/>\n<meta property=\"og:url\" content=\"https:\/\/simposio-xv.simposio.pe\/en\/agenda-at-a-glance\/\" \/>\n<meta property=\"og:site_name\" content=\"Simposio | XV Encuentro Internacional de Miner\u00eda\" \/>\n<meta property=\"article:publisher\" content=\"https:\/\/www.facebook.com\/Simposiumdeloro\" \/>\n<meta property=\"article:modified_time\" content=\"2024-05-13T21:04:20+00:00\" \/>\n<meta name=\"twitter:card\" content=\"summary_large_image\" \/>\n<meta name=\"twitter:label1\" content=\"Est. reading time\" \/>\n\t<meta name=\"twitter:data1\" content=\"7 minutes\" \/>\n<script type=\"application\/ld+json\" class=\"yoast-schema-graph\">{\"@context\":\"https:\/\/schema.org\",\"@graph\":[{\"@type\":\"WebPage\",\"@id\":\"https:\/\/simposio-xv.simposio.pe\/en\/agenda-at-a-glance\/\",\"url\":\"https:\/\/simposio-xv.simposio.pe\/en\/agenda-at-a-glance\/\",\"name\":\"Agenda at a glance - Simposio | XV Encuentro Internacional de Miner\u00eda\",\"isPartOf\":{\"@id\":\"https:\/\/simposio-xv.simposio.pe\/#website\"},\"datePublished\":\"2024-03-04T19:57:06+00:00\",\"dateModified\":\"2024-05-13T21:04:20+00:00\",\"inLanguage\":\"en-US\",\"potentialAction\":[{\"@type\":\"ReadAction\",\"target\":[\"https:\/\/simposio-xv.simposio.pe\/en\/agenda-at-a-glance\/\"]}]},{\"@type\":\"WebSite\",\"@id\":\"https:\/\/simposio-xv.simposio.pe\/#website\",\"url\":\"https:\/\/simposio-xv.simposio.pe\/\",\"name\":\"Simposio | XV Encuentro Internacional de Miner\u00eda\",\"description\":\"Simposio\",\"potentialAction\":[{\"@type\":\"SearchAction\",\"target\":{\"@type\":\"EntryPoint\",\"urlTemplate\":\"https:\/\/simposio-xv.simposio.pe\/?s={search_term_string}\"},\"query-input\":{\"@type\":\"PropertyValueSpecification\",\"valueRequired\":true,\"valueName\":\"search_term_string\"}}],\"inLanguage\":\"en-US\"}]}<\/script>\n<!-- \/ Yoast SEO plugin. -->","yoast_head_json":{"title":"Agenda at a glance - Simposio | XV Encuentro Internacional de Miner\u00eda","robots":{"index":"index","follow":"follow","max-snippet":"max-snippet:-1","max-image-preview":"max-image-preview:large","max-video-preview":"max-video-preview:-1"},"canonical":"https:\/\/simposio-xv.simposio.pe\/en\/agenda-at-a-glance\/","og_locale":"en_US","og_type":"article","og_title":"Agenda at a glance - Simposio | XV Encuentro Internacional de Miner\u00eda","og_description":"[vc_row row_content_width=&#8221;grid&#8221; css=&#8221;.vc_custom_1707144198052{padding-top: 30px !important;padding-bottom: 60px !important;}&#8221;][vc_column offset=&#8221;vc_col-lg-offset-0 vc_col-lg-12 vc_col-md-offset-0 vc_col-md-12 vc_col-sm-offset-0 vc_col-xs-12&#8243;][vc_btn title=&#8221;Download the Program&#8221; style=&#8221;outline&#8221; shape=&#8221;round&#8221; color=&#8221;black&#8221; size=&#8221;lg&#8221; align=&#8221;right&#8221; target=&#8221;_blank&#8221; link=&#8221;url:https%3A%2F%2Fwww.simposio.pe%2Fwp-content%2Fuploads%2F2024%2F05%2FSIMPOSIO-Conference-program-updated-05.10.24.pdf|title:Agenda%20at%20a%20glance|target:_blank&#8221; el_class=&#8221;btn_regresar_members&#8221;][vc_column_text css=&#8221;.vc_custom_1707746543184{padding-bottom: 30px !important;}&#8221;] Get to know our conference program [\/vc_column_text][vc_column_text css=&#8221;.vc_custom_1708011070716{padding-bottom: 30px !important;}&#8221;] Tuesday, May 21st, 2024 [\/vc_column_text][vc_column_text css=&#8221;.vc_custom_1714073866667{padding-bottom: 30px !important;}&#8221;] * To be confirmed [\/vc_column_text][vc_empty_space height=&#8221;60px&#8221;][vc_column_text css=&#8221;.vc_custom_1707710601194{padding-bottom: 30px !important;}&#8221;] Wednesday, May 22nd, 2024 [\/vc_column_text][vc_column_text css=&#8221;.vc_custom_1714073866667{padding-bottom: 30px !important;}&#8221;] * To be confirmed [\/vc_column_text][vc_empty_space height=&#8221;60px&#8221;][vc_column_text css=&#8221;.vc_custom_1707711062607{padding-bottom: 30px !important;}&#8221;] Thursday, May 23rd, 2024 [\/vc_column_text][vc_column_text css=&#8221;.vc_custom_1714073866667{padding-bottom: 30px !important;}&#8221;] * [&hellip;]","og_url":"https:\/\/simposio-xv.simposio.pe\/en\/agenda-at-a-glance\/","og_site_name":"Simposio | XV Encuentro Internacional de Miner\u00eda","article_publisher":"https:\/\/www.facebook.com\/Simposiumdeloro","article_modified_time":"2024-05-13T21:04:20+00:00","twitter_card":"summary_large_image","twitter_misc":{"Est. reading time":"7 minutes"},"schema":{"@context":"https:\/\/schema.org","@graph":[{"@type":"WebPage","@id":"https:\/\/simposio-xv.simposio.pe\/en\/agenda-at-a-glance\/","url":"https:\/\/simposio-xv.simposio.pe\/en\/agenda-at-a-glance\/","name":"Agenda at a glance - Simposio | XV Encuentro Internacional de Miner\u00eda","isPartOf":{"@id":"https:\/\/simposio-xv.simposio.pe\/#website"},"datePublished":"2024-03-04T19:57:06+00:00","dateModified":"2024-05-13T21:04:20+00:00","inLanguage":"en-US","potentialAction":[{"@type":"ReadAction","target":["https:\/\/simposio-xv.simposio.pe\/en\/agenda-at-a-glance\/"]}]},{"@type":"WebSite","@id":"https:\/\/simposio-xv.simposio.pe\/#website","url":"https:\/\/simposio-xv.simposio.pe\/","name":"Simposio | XV Encuentro Internacional de Miner\u00eda","description":"Simposio","potentialAction":[{"@type":"SearchAction","target":{"@type":"EntryPoint","urlTemplate":"https:\/\/simposio-xv.simposio.pe\/?s={search_term_string}"},"query-input":{"@type":"PropertyValueSpecification","valueRequired":true,"valueName":"search_term_string"}}],"inLanguage":"en-US"}]}},"_links":{"self":[{"href":"https:\/\/simposio-xv.simposio.pe\/en\/wp-json\/wp\/v2\/pages\/10584","targetHints":{"allow":["GET"]}}],"collection":[{"href":"https:\/\/simposio-xv.simposio.pe\/en\/wp-json\/wp\/v2\/pages"}],"about":[{"href":"https:\/\/simposio-xv.simposio.pe\/en\/wp-json\/wp\/v2\/types\/page"}],"author":[{"embeddable":true,"href":"https:\/\/simposio-xv.simposio.pe\/en\/wp-json\/wp\/v2\/users\/32"}],"replies":[{"embeddable":true,"href":"https:\/\/simposio-xv.simposio.pe\/en\/wp-json\/wp\/v2\/comments?post=10584"}],"version-history":[{"count":31,"href":"https:\/\/simposio-xv.simposio.pe\/en\/wp-json\/wp\/v2\/pages\/10584\/revisions"}],"predecessor-version":[{"id":14246,"href":"https:\/\/simposio-xv.simposio.pe\/en\/wp-json\/wp\/v2\/pages\/10584\/revisions\/14246"}],"wp:attachment":[{"href":"https:\/\/simposio-xv.simposio.pe\/en\/wp-json\/wp\/v2\/media?parent=10584"}],"curies":[{"name":"wp","href":"https:\/\/api.w.org\/{rel}","templated":true}]}}