{"id":7203,"date":"2022-01-21T15:14:18","date_gmt":"2022-01-21T20:14:18","guid":{"rendered":"https:\/\/www.simposium-del-oro.snmpe.pe\/organizing-committee\/"},"modified":"2024-03-05T19:43:42","modified_gmt":"2024-03-06T00:43:42","slug":"organizing-committee","status":"publish","type":"page","link":"https:\/\/simposio-xv.simposio.pe\/en\/organizing-committee\/","title":{"rendered":"Organizing Committee"},"content":{"rendered":"<div class=\"wpb-content-wrapper\"><p>[vc_row css=&#8221;.vc_custom_1626202781883{background-color: #5cb8b2 !important;}&#8221;][vc_column][vc_row_inner row_content_width=&#8221;grid&#8221; el_class=&#8221;center-row comite-header-title&#8221;][vc_column_inner]<div class=\"qodef-section-title-holder text-white  qodef-st-title-left qodef-st-normal-space qodef-st-with-animation\" >\n\t<div class=\"qodef-st-inner\">\n\t\t\t\t\t\t\t<div class=\"qodef-st-title-wrapper\">\n\t\t\t\t<h2 class=\"qodef-st-title\" style=\"color: #ffffff\">\n\t\t\t\t\tOrganizing Committee\t\t\t\t<\/h2>\n\t\t\t<\/div>\n\t\t\t\t\t\t\t<div class=\"qodef-st-text-wrapper\">\n\t\t\t\t<h5 class=\"qodef-st-text\" >\n\t\t\t\t\tThis edition Organizing Committee is made up executives of the main mining companies in our country. Learn more about it.\t\t\t\t<\/h5>\n\t\t\t<\/div>\n\t\t\t<\/div>\n<\/div>[\/vc_column_inner][\/vc_row_inner][\/vc_column][\/vc_row][vc_row anchor=&#8221;team&#8221; el_class=&#8221;comite-consultivo&#8221;][vc_column]<div class=\"qodef-team-list-holder qodef-grid-list qodef-disable-bottom-space qodef-tl-standard  qodef-five-columns qodef-no-space qodef-tl-with-animation\" data-number-of-columns=\"five\" data-enable-navigation=\"no\" data-enable-pagination=\"no\">\n\t<div class=\"qodef-tl-inner qodef-outer-space \">\n\t\t<div class=\"qodef-team qodef-item-space info-hover\" data-member-id=\"10590\">\n    <div class=\"qodef-team-inner\">\n                    <div class=\"qodef-team-image\">\n                <img loading=\"lazy\" decoding=\"async\" width=\"800\" height=\"860\" src=\"https:\/\/www.simposio.pe\/wp-content\/uploads\/2024\/03\/Gonzalo-quijandria-2.jpg\" class=\"attachment-post-thumbnail size-post-thumbnail wp-post-image\" alt=\"\" srcset=\"https:\/\/www.simposio.pe\/wp-content\/uploads\/2024\/03\/Gonzalo-quijandria-2.jpg 800w, https:\/\/www.simposio.pe\/wp-content\/uploads\/2024\/03\/Gonzalo-quijandria-2-279x300.jpg 279w, https:\/\/www.simposio.pe\/wp-content\/uploads\/2024\/03\/Gonzalo-quijandria-2-768x826.jpg 768w, https:\/\/www.simposio.pe\/wp-content\/uploads\/2024\/03\/Gonzalo-quijandria-2-600x645.jpg 600w\" sizes=\"auto, (max-width: 800px) 100vw, 800px\" \/>                <div class=\"qodef-team-info-tb\">\n                    <div class=\"qodef-team-info-tc\">\n                        <div class=\"qodef-team-title-holder\">\n\t                        \t\t                        <h6 class=\"qodef-team-position\">Director of Corporate Affairs at Minsur.<\/h6>\n\t                                                    <h3 itemprop=\"name\" class=\"qodef-team-name entry-title\">\n                                <a itemprop=\"url\" href=\"https:\/\/simposio-xv.simposio.pe\/en\/team-member\/gonzalo-quijandria\/\">Gonzalo Quijandr\u00eda<\/a>\n                            <\/h3>\n                        <\/div>\n\t                    <div class=\"qodef-team-description-holder\">\n\t\t                    \t                    <\/div>\n                        <div class=\"qodef-team-social-holder-between\">\n                            <div class=\"qodef-team-social\">\n                                <div class=\"qodef-team-social-inner\">\n                                    <div class=\"qodef-team-social-wrapp\">\n                                                                            <\/div>\n                                <\/div>\n                            <\/div>\n                        <\/div>\n                    <\/div>\n                <\/div>\n            <\/div>\n            <\/div>\n<\/div><div class=\"qodef-team qodef-item-space info-hover\" data-member-id=\"10628\">\n    <div class=\"qodef-team-inner\">\n                    <div class=\"qodef-team-image\">\n                <img loading=\"lazy\" decoding=\"async\" width=\"800\" height=\"860\" src=\"https:\/\/www.simposio.pe\/wp-content\/uploads\/2024\/03\/Maria-julia-aybar-1.jpg\" class=\"attachment-post-thumbnail size-post-thumbnail wp-post-image\" alt=\"\" srcset=\"https:\/\/www.simposio.pe\/wp-content\/uploads\/2024\/03\/Maria-julia-aybar-1.jpg 800w, https:\/\/www.simposio.pe\/wp-content\/uploads\/2024\/03\/Maria-julia-aybar-1-279x300.jpg 279w, https:\/\/www.simposio.pe\/wp-content\/uploads\/2024\/03\/Maria-julia-aybar-1-768x826.jpg 768w, https:\/\/www.simposio.pe\/wp-content\/uploads\/2024\/03\/Maria-julia-aybar-1-600x645.jpg 600w\" sizes=\"auto, (max-width: 800px) 100vw, 800px\" \/>                <div class=\"qodef-team-info-tb\">\n                    <div class=\"qodef-team-info-tc\">\n                        <div class=\"qodef-team-title-holder\">\n\t                        \t\t                        <h6 class=\"qodef-team-position\">Country Manager at Hunt Oil Company<\/h6>\n\t                                                    <h3 itemprop=\"name\" class=\"qodef-team-name entry-title\">\n                                <a itemprop=\"url\" href=\"https:\/\/simposio-xv.simposio.pe\/en\/team-member\/maria-julia-aybar\/\">Mar\u00eda Julia Aybar<\/a>\n                            <\/h3>\n                        <\/div>\n\t                    <div class=\"qodef-team-description-holder\">\n\t\t                    \t                    <\/div>\n                        <div class=\"qodef-team-social-holder-between\">\n                            <div class=\"qodef-team-social\">\n                                <div class=\"qodef-team-social-inner\">\n                                    <div class=\"qodef-team-social-wrapp\">\n                                                                            <\/div>\n                                <\/div>\n                            <\/div>\n                        <\/div>\n                    <\/div>\n                <\/div>\n            <\/div>\n            <\/div>\n<\/div><div class=\"qodef-team qodef-item-space info-hover\" data-member-id=\"7226\">\n    <div class=\"qodef-team-inner\">\n                    <div class=\"qodef-team-image\">\n                <img loading=\"lazy\" decoding=\"async\" width=\"800\" height=\"860\" src=\"https:\/\/www.simposio.pe\/wp-content\/uploads\/2022\/01\/MAGALY-BARDALEZ-1.jpg\" class=\"attachment-post-thumbnail size-post-thumbnail wp-post-image\" alt=\"\" srcset=\"https:\/\/www.simposio.pe\/wp-content\/uploads\/2022\/01\/MAGALY-BARDALEZ-1.jpg 800w, https:\/\/www.simposio.pe\/wp-content\/uploads\/2022\/01\/MAGALY-BARDALEZ-1-279x300.jpg 279w, https:\/\/www.simposio.pe\/wp-content\/uploads\/2022\/01\/MAGALY-BARDALEZ-1-768x826.jpg 768w, https:\/\/www.simposio.pe\/wp-content\/uploads\/2022\/01\/MAGALY-BARDALEZ-1-600x645.jpg 600w\" sizes=\"auto, (max-width: 800px) 100vw, 800px\" \/>                <div class=\"qodef-team-info-tb\">\n                    <div class=\"qodef-team-info-tc\">\n                        <div class=\"qodef-team-title-holder\">\n\t                        \t\t                        <h6 class=\"qodef-team-position\">Corporate Legal and Institutional Relations Manager Nexa Resources<\/h6>\n\t                                                    <h3 itemprop=\"name\" class=\"qodef-team-name entry-title\">\n                                <a itemprop=\"url\" href=\"https:\/\/simposio-xv.simposio.pe\/en\/team-member\/magaly-bardales\/\">Magaly Bardales<\/a>\n                            <\/h3>\n                        <\/div>\n\t                    <div class=\"qodef-team-description-holder\">\n\t\t                    \t                    <\/div>\n                        <div class=\"qodef-team-social-holder-between\">\n                            <div class=\"qodef-team-social\">\n                                <div class=\"qodef-team-social-inner\">\n                                    <div class=\"qodef-team-social-wrapp\">\n                                                                            <\/div>\n                                <\/div>\n                            <\/div>\n                        <\/div>\n                    <\/div>\n                <\/div>\n            <\/div>\n            <\/div>\n<\/div><div class=\"qodef-team qodef-item-space info-hover\" data-member-id=\"10625\">\n    <div class=\"qodef-team-inner\">\n                    <div class=\"qodef-team-image\">\n                <img loading=\"lazy\" decoding=\"async\" width=\"800\" height=\"860\" src=\"https:\/\/www.simposio.pe\/wp-content\/uploads\/2024\/03\/Ernesto-balarezo-1.jpg\" class=\"attachment-post-thumbnail size-post-thumbnail wp-post-image\" alt=\"\" srcset=\"https:\/\/www.simposio.pe\/wp-content\/uploads\/2024\/03\/Ernesto-balarezo-1.jpg 800w, https:\/\/www.simposio.pe\/wp-content\/uploads\/2024\/03\/Ernesto-balarezo-1-279x300.jpg 279w, https:\/\/www.simposio.pe\/wp-content\/uploads\/2024\/03\/Ernesto-balarezo-1-768x826.jpg 768w, https:\/\/www.simposio.pe\/wp-content\/uploads\/2024\/03\/Ernesto-balarezo-1-600x645.jpg 600w\" sizes=\"auto, (max-width: 800px) 100vw, 800px\" \/>                <div class=\"qodef-team-info-tb\">\n                    <div class=\"qodef-team-info-tc\">\n                        <div class=\"qodef-team-title-holder\">\n\t                        \t\t                        <h6 class=\"qodef-team-position\">President, Sociedad Minera Corona S.A.<\/h6>\n\t                                                    <h3 itemprop=\"name\" class=\"qodef-team-name entry-title\">\n                                <a itemprop=\"url\" href=\"https:\/\/simposio-xv.simposio.pe\/en\/team-member\/ernesto-balarezo\/\">Ernesto Balarezo<\/a>\n                            <\/h3>\n                        <\/div>\n\t                    <div class=\"qodef-team-description-holder\">\n\t\t                    \t                    <\/div>\n                        <div class=\"qodef-team-social-holder-between\">\n                            <div class=\"qodef-team-social\">\n                                <div class=\"qodef-team-social-inner\">\n                                    <div class=\"qodef-team-social-wrapp\">\n                                                                            <\/div>\n                                <\/div>\n                            <\/div>\n                        <\/div>\n                    <\/div>\n                <\/div>\n            <\/div>\n            <\/div>\n<\/div><div class=\"qodef-team qodef-item-space info-hover\" data-member-id=\"10624\">\n    <div class=\"qodef-team-inner\">\n                    <div class=\"qodef-team-image\">\n                <img loading=\"lazy\" decoding=\"async\" width=\"800\" height=\"860\" src=\"https:\/\/www.simposio.pe\/wp-content\/uploads\/2024\/02\/1-3-Domingo-Drago.png\" class=\"attachment-post-thumbnail size-post-thumbnail wp-post-image\" alt=\"\" srcset=\"https:\/\/www.simposio.pe\/wp-content\/uploads\/2024\/02\/1-3-Domingo-Drago.png 800w, https:\/\/www.simposio.pe\/wp-content\/uploads\/2024\/02\/1-3-Domingo-Drago-279x300.png 279w, https:\/\/www.simposio.pe\/wp-content\/uploads\/2024\/02\/1-3-Domingo-Drago-768x826.png 768w, https:\/\/www.simposio.pe\/wp-content\/uploads\/2024\/02\/1-3-Domingo-Drago-600x645.png 600w\" sizes=\"auto, (max-width: 800px) 100vw, 800px\" \/>                <div class=\"qodef-team-info-tb\">\n                    <div class=\"qodef-team-info-tc\">\n                        <div class=\"qodef-team-title-holder\">\n\t                        \t\t                        <h6 class=\"qodef-team-position\">Corporate Affairs and Sustainable Development Vice President for the Americas Region at Gold Fields La Cima S.A.<\/h6>\n\t                                                    <h3 itemprop=\"name\" class=\"qodef-team-name entry-title\">\n                                <a itemprop=\"url\" href=\"https:\/\/simposio-xv.simposio.pe\/en\/team-member\/domingo-drago\/\">Domingo Drago<\/a>\n                            <\/h3>\n                        <\/div>\n\t                    <div class=\"qodef-team-description-holder\">\n\t\t                    \t                    <\/div>\n                        <div class=\"qodef-team-social-holder-between\">\n                            <div class=\"qodef-team-social\">\n                                <div class=\"qodef-team-social-inner\">\n                                    <div class=\"qodef-team-social-wrapp\">\n                                                                            <\/div>\n                                <\/div>\n                            <\/div>\n                        <\/div>\n                    <\/div>\n                <\/div>\n            <\/div>\n            <\/div>\n<\/div><div class=\"qodef-team qodef-item-space info-hover\" data-member-id=\"10630\">\n    <div class=\"qodef-team-inner\">\n                    <div class=\"qodef-team-image\">\n                <img loading=\"lazy\" decoding=\"async\" width=\"800\" height=\"860\" src=\"https:\/\/www.simposio.pe\/wp-content\/uploads\/2024\/03\/Claudia-cooper-3.png\" class=\"attachment-post-thumbnail size-post-thumbnail wp-post-image\" alt=\"\" srcset=\"https:\/\/www.simposio.pe\/wp-content\/uploads\/2024\/03\/Claudia-cooper-3.png 800w, https:\/\/www.simposio.pe\/wp-content\/uploads\/2024\/03\/Claudia-cooper-3-279x300.png 279w, https:\/\/www.simposio.pe\/wp-content\/uploads\/2024\/03\/Claudia-cooper-3-768x826.png 768w, https:\/\/www.simposio.pe\/wp-content\/uploads\/2024\/03\/Claudia-cooper-3-600x645.png 600w\" sizes=\"auto, (max-width: 800px) 100vw, 800px\" \/>                <div class=\"qodef-team-info-tb\">\n                    <div class=\"qodef-team-info-tc\">\n                        <div class=\"qodef-team-title-holder\">\n\t                        \t\t                        <h6 class=\"qodef-team-position\">Sustainability and External Affairs Vice President at Compa\u00f1\u00eda Minera Antamina S.A.<\/h6>\n\t                                                    <h3 itemprop=\"name\" class=\"qodef-team-name entry-title\">\n                                <a itemprop=\"url\" href=\"https:\/\/simposio-xv.simposio.pe\/en\/team-member\/claudia-cooper\/\">Claudia Cooper<\/a>\n                            <\/h3>\n                        <\/div>\n\t                    <div class=\"qodef-team-description-holder\">\n\t\t                    \t                    <\/div>\n                        <div class=\"qodef-team-social-holder-between\">\n                            <div class=\"qodef-team-social\">\n                                <div class=\"qodef-team-social-inner\">\n                                    <div class=\"qodef-team-social-wrapp\">\n                                                                            <\/div>\n                                <\/div>\n                            <\/div>\n                        <\/div>\n                    <\/div>\n                <\/div>\n            <\/div>\n            <\/div>\n<\/div><div class=\"qodef-team qodef-item-space info-hover\" data-member-id=\"10622\">\n    <div class=\"qodef-team-inner\">\n                    <div class=\"qodef-team-image\">\n                <img loading=\"lazy\" decoding=\"async\" width=\"800\" height=\"860\" src=\"https:\/\/www.simposio.pe\/wp-content\/uploads\/2024\/03\/Adolfo-vera-1.jpg\" class=\"attachment-post-thumbnail size-post-thumbnail wp-post-image\" alt=\"\" srcset=\"https:\/\/www.simposio.pe\/wp-content\/uploads\/2024\/03\/Adolfo-vera-1.jpg 800w, https:\/\/www.simposio.pe\/wp-content\/uploads\/2024\/03\/Adolfo-vera-1-279x300.jpg 279w, https:\/\/www.simposio.pe\/wp-content\/uploads\/2024\/03\/Adolfo-vera-1-768x826.jpg 768w, https:\/\/www.simposio.pe\/wp-content\/uploads\/2024\/03\/Adolfo-vera-1-600x645.jpg 600w\" sizes=\"auto, (max-width: 800px) 100vw, 800px\" \/>                <div class=\"qodef-team-info-tb\">\n                    <div class=\"qodef-team-info-tc\">\n                        <div class=\"qodef-team-title-holder\">\n\t                        \t\t                        <h6 class=\"qodef-team-position\">President and Chief Executive Officer at Compa\u00f1\u00eda Minera Condestable S.A.<\/h6>\n\t                                                    <h3 itemprop=\"name\" class=\"qodef-team-name entry-title\">\n                                <a itemprop=\"url\" href=\"https:\/\/simposio-xv.simposio.pe\/en\/team-member\/adolfo-vera\/\">Adolfo Vera<\/a>\n                            <\/h3>\n                        <\/div>\n\t                    <div class=\"qodef-team-description-holder\">\n\t\t                    \t                    <\/div>\n                        <div class=\"qodef-team-social-holder-between\">\n                            <div class=\"qodef-team-social\">\n                                <div class=\"qodef-team-social-inner\">\n                                    <div class=\"qodef-team-social-wrapp\">\n                                                                            <\/div>\n                                <\/div>\n                            <\/div>\n                        <\/div>\n                    <\/div>\n                <\/div>\n            <\/div>\n            <\/div>\n<\/div><div class=\"qodef-team qodef-item-space info-hover\" data-member-id=\"10620\">\n    <div class=\"qodef-team-inner\">\n                    <div class=\"qodef-team-image\">\n                <img loading=\"lazy\" decoding=\"async\" width=\"800\" height=\"860\" src=\"https:\/\/www.simposio.pe\/wp-content\/uploads\/2024\/03\/Aldo-massa.jpg\" class=\"attachment-post-thumbnail size-post-thumbnail wp-post-image\" alt=\"\" srcset=\"https:\/\/www.simposio.pe\/wp-content\/uploads\/2024\/03\/Aldo-massa.jpg 800w, https:\/\/www.simposio.pe\/wp-content\/uploads\/2024\/03\/Aldo-massa-279x300.jpg 279w, https:\/\/www.simposio.pe\/wp-content\/uploads\/2024\/03\/Aldo-massa-768x826.jpg 768w, https:\/\/www.simposio.pe\/wp-content\/uploads\/2024\/03\/Aldo-massa-600x645.jpg 600w\" sizes=\"auto, (max-width: 800px) 100vw, 800px\" \/>                <div class=\"qodef-team-info-tb\">\n                    <div class=\"qodef-team-info-tc\">\n                        <div class=\"qodef-team-title-holder\">\n\t                        \t\t                        <h6 class=\"qodef-team-position\">Vice President of Development and Business at Compa\u00f1ia de Minas Buenaventura S.A.A.<\/h6>\n\t                                                    <h3 itemprop=\"name\" class=\"qodef-team-name entry-title\">\n                                <a itemprop=\"url\" href=\"https:\/\/simposio-xv.simposio.pe\/en\/team-member\/aldo-massa\/\">Aldo Massa<\/a>\n                            <\/h3>\n                        <\/div>\n\t                    <div class=\"qodef-team-description-holder\">\n\t\t                    \t                    <\/div>\n                        <div class=\"qodef-team-social-holder-between\">\n                            <div class=\"qodef-team-social\">\n                                <div class=\"qodef-team-social-inner\">\n                                    <div class=\"qodef-team-social-wrapp\">\n                                                                            <\/div>\n                                <\/div>\n                            <\/div>\n                        <\/div>\n                    <\/div>\n                <\/div>\n            <\/div>\n            <\/div>\n<\/div><div class=\"qodef-team qodef-item-space info-hover\" data-member-id=\"10629\">\n    <div class=\"qodef-team-inner\">\n                    <div class=\"qodef-team-image\">\n                <img loading=\"lazy\" decoding=\"async\" width=\"800\" height=\"860\" src=\"https:\/\/www.simposio.pe\/wp-content\/uploads\/2024\/03\/Victor-govitz-1.jpg\" class=\"attachment-post-thumbnail size-post-thumbnail wp-post-image\" alt=\"\" srcset=\"https:\/\/www.simposio.pe\/wp-content\/uploads\/2024\/03\/Victor-govitz-1.jpg 800w, https:\/\/www.simposio.pe\/wp-content\/uploads\/2024\/03\/Victor-govitz-1-279x300.jpg 279w, https:\/\/www.simposio.pe\/wp-content\/uploads\/2024\/03\/Victor-govitz-1-768x826.jpg 768w, https:\/\/www.simposio.pe\/wp-content\/uploads\/2024\/03\/Victor-govitz-1-600x645.jpg 600w\" sizes=\"auto, (max-width: 800px) 100vw, 800px\" \/>                <div class=\"qodef-team-info-tb\">\n                    <div class=\"qodef-team-info-tc\">\n                        <div class=\"qodef-team-title-holder\">\n\t                        \t\t                        <h6 class=\"qodef-team-position\">CEO at Compa\u00f1\u00eda Minera Antamina S.A.<\/h6>\n\t                                                    <h3 itemprop=\"name\" class=\"qodef-team-name entry-title\">\n                                <a itemprop=\"url\" href=\"https:\/\/simposio-xv.simposio.pe\/en\/team-member\/victor-gobitz\/\">V\u00edctor Gobitz<\/a>\n                            <\/h3>\n                        <\/div>\n\t                    <div class=\"qodef-team-description-holder\">\n\t\t                    \t                    <\/div>\n                        <div class=\"qodef-team-social-holder-between\">\n                            <div class=\"qodef-team-social\">\n                                <div class=\"qodef-team-social-inner\">\n                                    <div class=\"qodef-team-social-wrapp\">\n                                                                            <\/div>\n                                <\/div>\n                            <\/div>\n                        <\/div>\n                    <\/div>\n                <\/div>\n            <\/div>\n            <\/div>\n<\/div><div class=\"qodef-team qodef-item-space info-hover\" data-member-id=\"10623\">\n    <div class=\"qodef-team-inner\">\n                    <div class=\"qodef-team-image\">\n                <img loading=\"lazy\" decoding=\"async\" width=\"800\" height=\"860\" src=\"https:\/\/www.simposio.pe\/wp-content\/uploads\/2024\/03\/Angela-grossheim-2.jpg\" class=\"attachment-post-thumbnail size-post-thumbnail wp-post-image\" alt=\"\" srcset=\"https:\/\/www.simposio.pe\/wp-content\/uploads\/2024\/03\/Angela-grossheim-2.jpg 800w, https:\/\/www.simposio.pe\/wp-content\/uploads\/2024\/03\/Angela-grossheim-2-279x300.jpg 279w, https:\/\/www.simposio.pe\/wp-content\/uploads\/2024\/03\/Angela-grossheim-2-768x826.jpg 768w, https:\/\/www.simposio.pe\/wp-content\/uploads\/2024\/03\/Angela-grossheim-2-600x645.jpg 600w\" sizes=\"auto, (max-width: 800px) 100vw, 800px\" \/>                <div class=\"qodef-team-info-tb\">\n                    <div class=\"qodef-team-info-tc\">\n                        <div class=\"qodef-team-title-holder\">\n\t                        \t\t                        <h6 class=\"qodef-team-position\">Executive Director of Sociedad Nacional de Miner\u00eda, Petr\u00f3leo y Energ\u00eda (National Mining, Oil and Energy Society).<\/h6>\n\t                                                    <h3 itemprop=\"name\" class=\"qodef-team-name entry-title\">\n                                <a itemprop=\"url\" href=\"https:\/\/simposio-xv.simposio.pe\/en\/team-member\/angela-grossheim\/\">Angela Grossheim<\/a>\n                            <\/h3>\n                        <\/div>\n\t                    <div class=\"qodef-team-description-holder\">\n\t\t                    \t                    <\/div>\n                        <div class=\"qodef-team-social-holder-between\">\n                            <div class=\"qodef-team-social\">\n                                <div class=\"qodef-team-social-inner\">\n                                    <div class=\"qodef-team-social-wrapp\">\n                                                                            <\/div>\n                                <\/div>\n                            <\/div>\n                        <\/div>\n                    <\/div>\n                <\/div>\n            <\/div>\n            <\/div>\n<\/div><div class=\"qodef-team qodef-item-space info-hover\" data-member-id=\"10627\">\n    <div class=\"qodef-team-inner\">\n                    <div class=\"qodef-team-image\">\n                <img loading=\"lazy\" decoding=\"async\" width=\"800\" height=\"860\" src=\"https:\/\/www.simposio.pe\/wp-content\/uploads\/2024\/03\/Jose-augusto-palma.jpg\" class=\"attachment-post-thumbnail size-post-thumbnail wp-post-image\" alt=\"\" srcset=\"https:\/\/www.simposio.pe\/wp-content\/uploads\/2024\/03\/Jose-augusto-palma.jpg 800w, https:\/\/www.simposio.pe\/wp-content\/uploads\/2024\/03\/Jose-augusto-palma-279x300.jpg 279w, https:\/\/www.simposio.pe\/wp-content\/uploads\/2024\/03\/Jose-augusto-palma-768x826.jpg 768w, https:\/\/www.simposio.pe\/wp-content\/uploads\/2024\/03\/Jose-augusto-palma-600x645.jpg 600w\" sizes=\"auto, (max-width: 800px) 100vw, 800px\" \/>                <div class=\"qodef-team-info-tb\">\n                    <div class=\"qodef-team-info-tc\">\n                        <div class=\"qodef-team-title-holder\">\n\t                        \t\t                        <h6 class=\"qodef-team-position\">Legal and Corporate Affairs Vice President at Compa\u00f1\u00eda Minera Ares S.A.C.<\/h6>\n\t                                                    <h3 itemprop=\"name\" class=\"qodef-team-name entry-title\">\n                                <a itemprop=\"url\" href=\"https:\/\/simposio-xv.simposio.pe\/en\/team-member\/jose-augusto-palma\/\">Jos\u00e9 Augusto Palma<\/a>\n                            <\/h3>\n                        <\/div>\n\t                    <div class=\"qodef-team-description-holder\">\n\t\t                    \t                    <\/div>\n                        <div class=\"qodef-team-social-holder-between\">\n                            <div class=\"qodef-team-social\">\n                                <div class=\"qodef-team-social-inner\">\n                                    <div class=\"qodef-team-social-wrapp\">\n                                                                            <\/div>\n                                <\/div>\n                            <\/div>\n                        <\/div>\n                    <\/div>\n                <\/div>\n            <\/div>\n            <\/div>\n<\/div><div class=\"qodef-team qodef-item-space info-hover\" data-member-id=\"10626\">\n    <div class=\"qodef-team-inner\">\n                    <div class=\"qodef-team-image\">\n                <img loading=\"lazy\" decoding=\"async\" width=\"800\" height=\"860\" src=\"https:\/\/www.simposio.pe\/wp-content\/uploads\/2024\/03\/Jimena-sologuren.jpg\" class=\"attachment-post-thumbnail size-post-thumbnail wp-post-image\" alt=\"\" srcset=\"https:\/\/www.simposio.pe\/wp-content\/uploads\/2024\/03\/Jimena-sologuren.jpg 800w, https:\/\/www.simposio.pe\/wp-content\/uploads\/2024\/03\/Jimena-sologuren-279x300.jpg 279w, https:\/\/www.simposio.pe\/wp-content\/uploads\/2024\/03\/Jimena-sologuren-768x826.jpg 768w, https:\/\/www.simposio.pe\/wp-content\/uploads\/2024\/03\/Jimena-sologuren-600x645.jpg 600w\" sizes=\"auto, (max-width: 800px) 100vw, 800px\" \/>                <div class=\"qodef-team-info-tb\">\n                    <div class=\"qodef-team-info-tc\">\n                        <div class=\"qodef-team-title-holder\">\n\t                        \t\t                        <h6 class=\"qodef-team-position\">Social Responsibility and Communications Assistant Manager for Compa\u00f1\u00eda Minera Poderosa S.A.<\/h6>\n\t                                                    <h3 itemprop=\"name\" class=\"qodef-team-name entry-title\">\n                                <a itemprop=\"url\" href=\"https:\/\/simposio-xv.simposio.pe\/en\/team-member\/jimena-sologuren\/\">Jimena Sologuren<\/a>\n                            <\/h3>\n                        <\/div>\n\t                    <div class=\"qodef-team-description-holder\">\n\t\t                    \t                    <\/div>\n                        <div class=\"qodef-team-social-holder-between\">\n                            <div class=\"qodef-team-social\">\n                                <div class=\"qodef-team-social-inner\">\n                                    <div class=\"qodef-team-social-wrapp\">\n                                                                            <\/div>\n                                <\/div>\n                            <\/div>\n                        <\/div>\n                    <\/div>\n                <\/div>\n            <\/div>\n            <\/div>\n<\/div>\t<\/div>\n<\/div>[\/vc_column][\/vc_row][vc_row css=&#8221;.vc_custom_1626202792030{background-color: #5cb8b2 !important;}&#8221;][vc_column][vc_row_inner row_content_width=&#8221;grid&#8221; el_class=&#8221;center-row comite-footer-btn&#8221;][vc_column_inner]<a itemprop=\"url\" href=\"https:\/\/www.simposio.pe\/\/en\/about-the-symposium\/\" target=\"_self\" style=\"color: #ffffff;border-color: #ffffff\" class=\"qodef-btn qodef-btn-medium qodef-btn-outline\"  >\n    <span class=\"qodef-btn-text\">\n        <span class=\"qodef-btn-text-inner\">Back<\/span>\n            <\/span>\n    <\/a>[\/vc_column_inner][\/vc_row_inner][\/vc_column][\/vc_row]<\/p>\n<\/div>","protected":false},"excerpt":{"rendered":"<p>[vc_row css=&#8221;.vc_custom_1626202781883{background-color: #5cb8b2 !important;}&#8221;][vc_column][vc_row_inner row_content_width=&#8221;grid&#8221; el_class=&#8221;center-row comite-header-title&#8221;][vc_column_inner][\/vc_column_inner][\/vc_row_inner][\/vc_column][\/vc_row][vc_row anchor=&#8221;team&#8221; el_class=&#8221;comite-consultivo&#8221;][vc_column][\/vc_column][\/vc_row][vc_row css=&#8221;.vc_custom_1626202792030{background-color: #5cb8b2 !important;}&#8221;][vc_column][vc_row_inner row_content_width=&#8221;grid&#8221; el_class=&#8221;center-row comite-footer-btn&#8221;][vc_column_inner][\/vc_column_inner][\/vc_row_inner][\/vc_column][\/vc_row]<\/p>\n","protected":false},"author":4,"featured_media":0,"parent":0,"menu_order":0,"comment_status":"closed","ping_status":"closed","template":"full-width.php","meta":{"_acf_changed":false,"inline_featured_image":false,"footnotes":""},"class_list":["post-7203","page","type-page","status-publish","hentry"],"acf":[],"yoast_head":"<!-- This site is optimized with the Yoast SEO plugin v24.5 - https:\/\/yoast.com\/wordpress\/plugins\/seo\/ -->\n<title>Organizing Committee - Simposio | XV Encuentro Internacional de Miner\u00eda<\/title>\n<meta name=\"robots\" content=\"index, follow, max-snippet:-1, max-image-preview:large, max-video-preview:-1\" \/>\n<link rel=\"canonical\" href=\"https:\/\/simposio-xv.simposio.pe\/en\/organizing-committee\/\" \/>\n<meta property=\"og:locale\" content=\"en_US\" \/>\n<meta property=\"og:type\" content=\"article\" \/>\n<meta property=\"og:title\" content=\"Organizing Committee - Simposio | XV Encuentro Internacional de Miner\u00eda\" \/>\n<meta property=\"og:description\" content=\"[vc_row css=&#8221;.vc_custom_1626202781883{background-color: #5cb8b2 !important;}&#8221;][vc_column][vc_row_inner row_content_width=&#8221;grid&#8221; el_class=&#8221;center-row comite-header-title&#8221;][vc_column_inner][\/vc_column_inner][\/vc_row_inner][\/vc_column][\/vc_row][vc_row anchor=&#8221;team&#8221; el_class=&#8221;comite-consultivo&#8221;][vc_column][\/vc_column][\/vc_row][vc_row css=&#8221;.vc_custom_1626202792030{background-color: #5cb8b2 !important;}&#8221;][vc_column][vc_row_inner row_content_width=&#8221;grid&#8221; el_class=&#8221;center-row comite-footer-btn&#8221;][vc_column_inner][\/vc_column_inner][\/vc_row_inner][\/vc_column][\/vc_row]\" \/>\n<meta property=\"og:url\" content=\"https:\/\/simposio-xv.simposio.pe\/en\/organizing-committee\/\" \/>\n<meta property=\"og:site_name\" content=\"Simposio | XV Encuentro Internacional de Miner\u00eda\" \/>\n<meta property=\"article:publisher\" content=\"https:\/\/www.facebook.com\/Simposiumdeloro\" \/>\n<meta property=\"article:modified_time\" content=\"2024-03-06T00:43:42+00:00\" \/>\n<meta name=\"twitter:card\" content=\"summary_large_image\" \/>\n<meta name=\"twitter:label1\" content=\"Est. reading time\" \/>\n\t<meta name=\"twitter:data1\" content=\"1 minute\" \/>\n<script type=\"application\/ld+json\" class=\"yoast-schema-graph\">{\"@context\":\"https:\/\/schema.org\",\"@graph\":[{\"@type\":\"WebPage\",\"@id\":\"https:\/\/simposio-xv.simposio.pe\/en\/organizing-committee\/\",\"url\":\"https:\/\/simposio-xv.simposio.pe\/en\/organizing-committee\/\",\"name\":\"Organizing Committee - Simposio | XV Encuentro Internacional de Miner\u00eda\",\"isPartOf\":{\"@id\":\"https:\/\/simposio-xv.simposio.pe\/#website\"},\"datePublished\":\"2022-01-21T20:14:18+00:00\",\"dateModified\":\"2024-03-06T00:43:42+00:00\",\"inLanguage\":\"en-US\",\"potentialAction\":[{\"@type\":\"ReadAction\",\"target\":[\"https:\/\/simposio-xv.simposio.pe\/en\/organizing-committee\/\"]}]},{\"@type\":\"WebSite\",\"@id\":\"https:\/\/simposio-xv.simposio.pe\/#website\",\"url\":\"https:\/\/simposio-xv.simposio.pe\/\",\"name\":\"Simposio | XV Encuentro Internacional de Miner\u00eda\",\"description\":\"Simposio\",\"potentialAction\":[{\"@type\":\"SearchAction\",\"target\":{\"@type\":\"EntryPoint\",\"urlTemplate\":\"https:\/\/simposio-xv.simposio.pe\/?s={search_term_string}\"},\"query-input\":{\"@type\":\"PropertyValueSpecification\",\"valueRequired\":true,\"valueName\":\"search_term_string\"}}],\"inLanguage\":\"en-US\"}]}<\/script>\n<!-- \/ Yoast SEO plugin. -->","yoast_head_json":{"title":"Organizing Committee - Simposio | XV Encuentro Internacional de Miner\u00eda","robots":{"index":"index","follow":"follow","max-snippet":"max-snippet:-1","max-image-preview":"max-image-preview:large","max-video-preview":"max-video-preview:-1"},"canonical":"https:\/\/simposio-xv.simposio.pe\/en\/organizing-committee\/","og_locale":"en_US","og_type":"article","og_title":"Organizing Committee - Simposio | XV Encuentro Internacional de Miner\u00eda","og_description":"[vc_row css=&#8221;.vc_custom_1626202781883{background-color: #5cb8b2 !important;}&#8221;][vc_column][vc_row_inner row_content_width=&#8221;grid&#8221; el_class=&#8221;center-row comite-header-title&#8221;][vc_column_inner][\/vc_column_inner][\/vc_row_inner][\/vc_column][\/vc_row][vc_row anchor=&#8221;team&#8221; el_class=&#8221;comite-consultivo&#8221;][vc_column][\/vc_column][\/vc_row][vc_row css=&#8221;.vc_custom_1626202792030{background-color: #5cb8b2 !important;}&#8221;][vc_column][vc_row_inner row_content_width=&#8221;grid&#8221; el_class=&#8221;center-row comite-footer-btn&#8221;][vc_column_inner][\/vc_column_inner][\/vc_row_inner][\/vc_column][\/vc_row]","og_url":"https:\/\/simposio-xv.simposio.pe\/en\/organizing-committee\/","og_site_name":"Simposio | XV Encuentro Internacional de Miner\u00eda","article_publisher":"https:\/\/www.facebook.com\/Simposiumdeloro","article_modified_time":"2024-03-06T00:43:42+00:00","twitter_card":"summary_large_image","twitter_misc":{"Est. reading time":"1 minute"},"schema":{"@context":"https:\/\/schema.org","@graph":[{"@type":"WebPage","@id":"https:\/\/simposio-xv.simposio.pe\/en\/organizing-committee\/","url":"https:\/\/simposio-xv.simposio.pe\/en\/organizing-committee\/","name":"Organizing Committee - Simposio | XV Encuentro Internacional de Miner\u00eda","isPartOf":{"@id":"https:\/\/simposio-xv.simposio.pe\/#website"},"datePublished":"2022-01-21T20:14:18+00:00","dateModified":"2024-03-06T00:43:42+00:00","inLanguage":"en-US","potentialAction":[{"@type":"ReadAction","target":["https:\/\/simposio-xv.simposio.pe\/en\/organizing-committee\/"]}]},{"@type":"WebSite","@id":"https:\/\/simposio-xv.simposio.pe\/#website","url":"https:\/\/simposio-xv.simposio.pe\/","name":"Simposio | XV Encuentro Internacional de Miner\u00eda","description":"Simposio","potentialAction":[{"@type":"SearchAction","target":{"@type":"EntryPoint","urlTemplate":"https:\/\/simposio-xv.simposio.pe\/?s={search_term_string}"},"query-input":{"@type":"PropertyValueSpecification","valueRequired":true,"valueName":"search_term_string"}}],"inLanguage":"en-US"}]}},"_links":{"self":[{"href":"https:\/\/simposio-xv.simposio.pe\/en\/wp-json\/wp\/v2\/pages\/7203","targetHints":{"allow":["GET"]}}],"collection":[{"href":"https:\/\/simposio-xv.simposio.pe\/en\/wp-json\/wp\/v2\/pages"}],"about":[{"href":"https:\/\/simposio-xv.simposio.pe\/en\/wp-json\/wp\/v2\/types\/page"}],"author":[{"embeddable":true,"href":"https:\/\/simposio-xv.simposio.pe\/en\/wp-json\/wp\/v2\/users\/4"}],"replies":[{"embeddable":true,"href":"https:\/\/simposio-xv.simposio.pe\/en\/wp-json\/wp\/v2\/comments?post=7203"}],"version-history":[{"count":28,"href":"https:\/\/simposio-xv.simposio.pe\/en\/wp-json\/wp\/v2\/pages\/7203\/revisions"}],"predecessor-version":[{"id":10650,"href":"https:\/\/simposio-xv.simposio.pe\/en\/wp-json\/wp\/v2\/pages\/7203\/revisions\/10650"}],"wp:attachment":[{"href":"https:\/\/simposio-xv.simposio.pe\/en\/wp-json\/wp\/v2\/media?parent=7203"}],"curies":[{"name":"wp","href":"https:\/\/api.w.org\/{rel}","templated":true}]}}